{"id":140,"date":"2021-11-09T12:24:14","date_gmt":"2021-11-09T11:24:14","guid":{"rendered":"https:\/\/www-2021.scienzenutrizione.uniroma2.it\/?page_id=140"},"modified":"2026-04-27T13:57:21","modified_gmt":"2026-04-27T11:57:21","slug":"test-nutrizionale","status":"publish","type":"page","link":"https:\/\/www-2021.scienzenutrizione.uniroma2.it\/?page_id=140","title":{"rendered":"EVENTI"},"content":{"rendered":"\n<div class=\"wp-block-media-text is-stacked-on-mobile\" style=\"grid-template-columns:34% auto\"><figure class=\"wp-block-media-text__media\"><img loading=\"lazy\" decoding=\"async\" width=\"731\" height=\"1024\" src=\"https:\/\/www-2021.scienzenutrizione.uniroma2.it\/wp-content\/uploads\/2026\/04\/locandina-per-20_05_26_RP-731x1024.png\" alt=\"\" class=\"wp-image-4723 size-full\" srcset=\"https:\/\/www-2021.scienzenutrizione.uniroma2.it\/wp-content\/uploads\/2026\/04\/locandina-per-20_05_26_RP-731x1024.png 731w, https:\/\/www-2021.scienzenutrizione.uniroma2.it\/wp-content\/uploads\/2026\/04\/locandina-per-20_05_26_RP-214x300.png 214w, https:\/\/www-2021.scienzenutrizione.uniroma2.it\/wp-content\/uploads\/2026\/04\/locandina-per-20_05_26_RP-768x1075.png 768w, https:\/\/www-2021.scienzenutrizione.uniroma2.it\/wp-content\/uploads\/2026\/04\/locandina-per-20_05_26_RP-1097x1536.png 1097w, https:\/\/www-2021.scienzenutrizione.uniroma2.it\/wp-content\/uploads\/2026\/04\/locandina-per-20_05_26_RP-1463x2048.png 1463w, https:\/\/www-2021.scienzenutrizione.uniroma2.it\/wp-content\/uploads\/2026\/04\/locandina-per-20_05_26_RP-scaled.png 1829w\" sizes=\"auto, (max-width: 731px) 100vw, 731px\" \/><\/figure><div class=\"wp-block-media-text__content\">\n<p class=\"has-medium-font-size\">Nella mattinata di mercoled\u00ec 20 Giugno si terr\u00e0 nella Macroarea di Scienze l&#8217;evento <strong>Scegliere il futuro: Lauree magistrali e mondo del lavoro<\/strong>, un evento \u00a0di orientamento in uscita per gli studenti triennali (verso le lauree magistrali) e per gli <strong>studenti magistrali (dottorati\/mondo della ricerca\/mondo del lavoro)<\/strong>.<br>Nell&#8217;occasione verr\u00e0 illustrata l&#8217;offerta formativa delle lauree magistrali e dei dottorati della Macroarea di Scienze.<br>Parteciperanno inoltre numerosi enti di ricerca e industrie del territorio.<\/p>\n\n\n\n<p><\/p>\n<\/div><\/div>\n\n\n\n<hr class=\"wp-block-separator has-text-color has-alpha-channel-opacity has-background is-style-wide\" style=\"background-color:#4516e4;color:#4516e4\"\/>\n\n\n\n<div style=\"height:40px\" aria-hidden=\"true\" class=\"wp-block-spacer\"><\/div>\n\n\n\n<p class=\"has-medium-font-size\">Il prossimo <strong>5 giugno 2026<\/strong> si terr\u00e0 il convegno <strong>\u201cFake news, paure e fiducia: sicurezza alimentare e nutrizione nell\u2019era dell\u2019infodemia\u201d<\/strong>. Il convegno si terr\u00e0  presso l\u2019Istituto Superiore di Sanit\u00e0, con possibilit\u00e0 di partecipazione anche da remoto .<br>L\u2019evento, organizzato in occasione della Giornata Mondiale della Sicurezza Alimentare, rappresenta un\u2019importante occasione di confronto tra esperti di nutrizione, sicurezza alimentare, comunicazione e sanit\u00e0 pubblica sul tema della disinformazione e del suo impatto sui comportamenti alimentari e sulla percezione del rischio.<br>\ud83d\udccc La partecipazione \u00e8 gratuita<br>\ud83d\udce5 Iscrizione entro il 3 giugno al seguente link: <a href=\"https:\/\/forms.office.com\/e\/hxyRcCxdcH\"><mark style=\"background-color:rgba(0, 0, 0, 0);color:#1b0ef2\" class=\"has-inline-color\">https:\/\/forms.office.com\/e\/hxyRcCxdcH<\/mark><\/a><\/p>\n\n\n\n<figure class=\"wp-block-image size-large is-resized\"><img loading=\"lazy\" decoding=\"async\" width=\"1024\" height=\"709\" src=\"https:\/\/www-2021.scienzenutrizione.uniroma2.it\/wp-content\/uploads\/2026\/04\/page-1-1-1024x709.png\" alt=\"\" class=\"wp-image-4730\" style=\"aspect-ratio:1.444297520661157;width:1024px;height:auto\" srcset=\"https:\/\/www-2021.scienzenutrizione.uniroma2.it\/wp-content\/uploads\/2026\/04\/page-1-1-1024x709.png 1024w, https:\/\/www-2021.scienzenutrizione.uniroma2.it\/wp-content\/uploads\/2026\/04\/page-1-1-300x208.png 300w, https:\/\/www-2021.scienzenutrizione.uniroma2.it\/wp-content\/uploads\/2026\/04\/page-1-1-768x532.png 768w, https:\/\/www-2021.scienzenutrizione.uniroma2.it\/wp-content\/uploads\/2026\/04\/page-1-1-1536x1063.png 1536w, https:\/\/www-2021.scienzenutrizione.uniroma2.it\/wp-content\/uploads\/2026\/04\/page-1-1.png 1560w\" sizes=\"auto, (max-width: 1024px) 100vw, 1024px\" \/><\/figure>\n\n\n\n<figure class=\"wp-block-image size-large\"><img loading=\"lazy\" decoding=\"async\" width=\"1024\" height=\"709\" src=\"https:\/\/www-2021.scienzenutrizione.uniroma2.it\/wp-content\/uploads\/2026\/04\/page-2-1024x709.png\" alt=\"\" class=\"wp-image-4732\" srcset=\"https:\/\/www-2021.scienzenutrizione.uniroma2.it\/wp-content\/uploads\/2026\/04\/page-2-1024x709.png 1024w, https:\/\/www-2021.scienzenutrizione.uniroma2.it\/wp-content\/uploads\/2026\/04\/page-2-300x208.png 300w, https:\/\/www-2021.scienzenutrizione.uniroma2.it\/wp-content\/uploads\/2026\/04\/page-2-768x532.png 768w, https:\/\/www-2021.scienzenutrizione.uniroma2.it\/wp-content\/uploads\/2026\/04\/page-2-1536x1063.png 1536w, https:\/\/www-2021.scienzenutrizione.uniroma2.it\/wp-content\/uploads\/2026\/04\/page-2.png 1560w\" sizes=\"auto, (max-width: 1024px) 100vw, 1024px\" \/><\/figure>\n\n\n\n<hr class=\"wp-block-separator has-text-color has-alpha-channel-opacity has-background is-style-wide\" style=\"background-color:#4516e4;color:#4516e4\"\/>\n\n\n\n<div style=\"height:32px\" aria-hidden=\"true\" class=\"wp-block-spacer\"><\/div>\n\n\n\n<p class=\"has-text-align-center has-medium-font-size\"><strong><mark style=\"background-color:rgba(0, 0, 0, 0)\" class=\"has-inline-color has-vivid-red-color\">Ridurre lo spreco, nutrire il futuro: politiche, scienza e pratiche per una dieta sana sostenibile<br>5 febbraio 2026 ore 8.30-17.00 <br>Aula Pocchiari &#8211; Istituto Superiore di Sanit\u00e0<\/mark><\/strong><\/p>\n\n\n\n<p>Il 5 febbraio 2026 si terr\u00e0 il convegno &#8220;Ridurre lo Spreco alimentare, Nutrire il Futuro: politiche, scienza e pratiche per una dieta sana e sostenibile&#8221; organizzato dall&#8217;Istituto Superiore di Sanit\u00e0, teso a approfondire e integrare le evidenze scientifiche e normative sullo spreco alimentare nel contesto<br>italiano ed europeo.<br>Informazioni e programma sono visibili al seguente <a href=\"https:\/\/www-2021.scienzenutrizione.uniroma2.it\/wp-content\/uploads\/2026\/01\/Evento-Spreco-5-febbraio_PROGRAMMA.pdf\" target=\"_blank\" rel=\"noreferrer noopener\"><mark style=\"background-color:rgba(0, 0, 0, 0);color:#1b0ee7\" class=\"has-inline-color\">link<\/mark><\/a>.<\/p>\n\n\n\n<hr class=\"wp-block-separator has-text-color has-alpha-channel-opacity has-background is-style-wide\" style=\"background-color:#4516e4;color:#4516e4\"\/>\n\n\n\n<div class=\"wp-block-media-text is-stacked-on-mobile\" style=\"grid-template-columns:36% auto\"><figure class=\"wp-block-media-text__media\"><img loading=\"lazy\" decoding=\"async\" width=\"723\" height=\"1024\" src=\"https:\/\/www-2021.scienzenutrizione.uniroma2.it\/wp-content\/uploads\/2026\/01\/Locandina-Convegno-Fibra_Sinu-Lazio-Abruzzo-2026-3-723x1024.jpg\" alt=\"\" class=\"wp-image-4590 size-full\" srcset=\"https:\/\/www-2021.scienzenutrizione.uniroma2.it\/wp-content\/uploads\/2026\/01\/Locandina-Convegno-Fibra_Sinu-Lazio-Abruzzo-2026-3-723x1024.jpg 723w, https:\/\/www-2021.scienzenutrizione.uniroma2.it\/wp-content\/uploads\/2026\/01\/Locandina-Convegno-Fibra_Sinu-Lazio-Abruzzo-2026-3-212x300.jpg 212w, https:\/\/www-2021.scienzenutrizione.uniroma2.it\/wp-content\/uploads\/2026\/01\/Locandina-Convegno-Fibra_Sinu-Lazio-Abruzzo-2026-3-768x1088.jpg 768w, https:\/\/www-2021.scienzenutrizione.uniroma2.it\/wp-content\/uploads\/2026\/01\/Locandina-Convegno-Fibra_Sinu-Lazio-Abruzzo-2026-3.jpg 793w\" sizes=\"auto, (max-width: 723px) 100vw, 723px\" \/><\/figure><div class=\"wp-block-media-text__content\">\n<p class=\"has-text-align-center has-medium-font-size\"><mark style=\"background-color:rgba(0, 0, 0, 0)\" class=\"has-inline-color has-vivid-red-color\"><strong>Convegno SINU regionale Lazio-Abruzzo<\/strong><\/mark><br><\/p>\n\n\n\n<p>Il&nbsp;<strong>28 gennaio 2026<\/strong>&nbsp;ci sar\u00e0 il Convegno SINU regionale Lazio-Abruzzo dal titolo <strong>&#8220;La fibra alimentare tra salute, consumi e sostenibilit\u00e0&#8221;<\/strong>.<br><br>L&#8217;evento si svolger\u00e0 al Centro di ricerca alimenti e nutrrizione (CREA-AN) dalle 9.30 alle 12.30.<br><br>L&#8217;evento \u00e8 un&#8217;<strong>attivit\u00e0 didattica integrativa<\/strong> nell&#8217;ambito dell&#8217;insegnamento <strong>&#8220;Scienze e tecniche dietetiche applicate&#8221;<\/strong> (II anno).<br><br><\/p>\n<\/div><\/div>\n\n\n\n<hr class=\"wp-block-separator has-text-color has-black-color has-alpha-channel-opacity has-black-background-color has-background is-style-wide\"\/>\n\n\n\n<div class=\"wp-block-media-text is-stacked-on-mobile\" style=\"grid-template-columns:36% auto\"><figure class=\"wp-block-media-text__media\"><img loading=\"lazy\" decoding=\"async\" width=\"674\" height=\"600\" src=\"https:\/\/www-2021.scienzenutrizione.uniroma2.it\/wp-content\/uploads\/2025\/11\/Accademia-Rete-Pac-1.jpg\" alt=\"\" class=\"wp-image-4551 size-full\" srcset=\"https:\/\/www-2021.scienzenutrizione.uniroma2.it\/wp-content\/uploads\/2025\/11\/Accademia-Rete-Pac-1.jpg 674w, https:\/\/www-2021.scienzenutrizione.uniroma2.it\/wp-content\/uploads\/2025\/11\/Accademia-Rete-Pac-1-300x267.jpg 300w\" sizes=\"auto, (max-width: 674px) 100vw, 674px\" \/><\/figure><div class=\"wp-block-media-text__content\">\n<p class=\"has-text-align-center has-medium-font-size\"><mark style=\"background-color:rgba(0, 0, 0, 0)\" class=\"has-inline-color has-vivid-red-color\"><strong>Accademia Rete Pac- Formazione, ricerca, innovazione per il futuro.<\/strong><\/mark><br><\/p>\n\n\n\n<p>Il&nbsp;<strong>16 dicembre&nbsp;2025<\/strong>&nbsp;sar\u00e0 presentato il&nbsp;<strong>corso e-learning 2025-2026 \u201cAgricoltura 2030: Competenze per la Tripla Transizione\u201d<\/strong>&nbsp;<a href=\"https:\/\/urldefense.com\/v3\/__https:\/www.accademiaretepac.it\/__;!!O5Bi4QcV!AdGle-r0CaclxzsU84nq-6wbH03_Km-mvDlPTcd7wDOMn95lgsJfNmn1C8Ku87Fh20JAgnb9Xl0xAUNN6rwMb72PUBkNIMU3Vkc$\"><strong><mark style=\"background-color:rgba(0, 0, 0, 0);color:#2411de\" class=\"has-inline-color\">Accademia Rete Pac \u2013 Formazione, ricerca, innovazione per il futuro<\/mark><\/strong><\/a><strong>&nbsp;(accedere a questo link per partecipare all\u2019incontro<\/strong>), aperto a tutti gli studenti delle Universit\u00e0 partner del progetto. Il percorso formativo si articola in&nbsp;<strong>48 ore di lezioni online<\/strong>. I contenuti, di carattere multidisciplinare riguarderanno le tre principali transizioni che interessano il settore agricolo contemporaneo:&nbsp;<strong>ecologica, digitale e generazionale<\/strong>.<br><\/p>\n<\/div><\/div>\n\n\n\n<p>Ciascuna lezione comprende una parte teorica di inquadramento del tema e spunti applicativi di carattere pratico.<br>Ogni studente iscritto a un corso di laurea triennale o magistrale di Tor Vergata potr\u00e0 partecipare e, successivamente, chiedere l\u2019eventuale riconoscimento dei&nbsp;CFU&nbsp;alla commissione didattica del proprio corso di studio. Si precisa che l\u2019eventuale riconoscimento dei CFU, cos\u00ec come il numero di CFU riconosciuti, &nbsp;\u00e8 subordinato alla valutazione\/verifica da parte della commissione didattica competente. &nbsp;Pertanto, si consiglia un passaggio preliminare presso la propria segreteria didattica per verificare la coerenza delle attivit\u00e0 svolte con l\u2019Ordinamento\/Regolamento Didattico.<\/p>\n\n\n\n<p>Dopo la presentazione del corso&nbsp;<strong>(16 dicembre 2025)<\/strong>, si potranno effettuare le iscrizioni accedendo al seguente link:&nbsp;<a href=\"https:\/\/urldefense.com\/v3\/__https:\/www.accademiaretepac.it\/entra-in-accademia-rete-pac\/?login__;!!O5Bi4QcV!AdGle-r0CaclxzsU84nq-6wbH03_Km-mvDlPTcd7wDOMn95lgsJfNmn1C8Ku87Fh20JAgnb9Xl0xAUNN6rwMb72PUBkNLn60rCU$\"><mark style=\"background-color:rgba(0, 0, 0, 0);color:#2411de\" class=\"has-inline-color\">Entra in Accademia Rete PAC \u2013 Accademia Rete Pac<\/mark><\/a><mark style=\"background-color:rgba(0, 0, 0, 0);color:#2411de\" class=\"has-inline-color\">.<\/mark><br>Di seguito una descrizione schematica dei contenuti del corso.<\/p>\n\n\n\n<p><strong><em>Transizione ecologica:<\/em><\/strong><br>&#8211; <em>sostenibilit\u00e0 e gestione delle risorse naturali<\/em><br>&#8211; <em>agroecologia: dalla teoria alla pratica aziendale<\/em><br>&#8211; b<em>est practices nella zootecnia sostenibile<\/em><\/p>\n\n\n\n<p><strong><em>Transizione digitale:<\/em><\/strong><br>&#8211; <em>digitalizzazione e innovazione<\/em><br>&#8211; <em>agricoltura digitale e meccanizzazione<\/em><br>&#8211; <em>prompt design e intelligenza artificiale<\/em><\/p>\n\n\n\n<p><strong><em>Transizione generazionale:<\/em><\/strong><br>&#8211; <em>sviluppo locale partecipativo<\/em><br>&#8211; <em>strategie per il rinnovo generazionale<\/em><br>&#8211; <em>competenze chiave per l&#8217;agricoltore del futuro<\/em><\/p>\n\n\n\n<hr class=\"wp-block-separator has-text-color has-alpha-channel-opacity has-background is-style-wide\" style=\"background-color:#3311e7;color:#3311e7\"\/>\n\n\n\n<div class=\"wp-block-media-text is-stacked-on-mobile is-vertically-aligned-top\" style=\"grid-template-columns:30% auto\"><figure class=\"wp-block-media-text__media\"><img loading=\"lazy\" decoding=\"async\" width=\"724\" height=\"1024\" src=\"https:\/\/www-2021.scienzenutrizione.uniroma2.it\/wp-content\/uploads\/2025\/10\/4c324f6d-9fa3-4447-af98-8d5ee53ec3c2-724x1024.jpg\" alt=\"\" class=\"wp-image-4471 size-full\" srcset=\"https:\/\/www-2021.scienzenutrizione.uniroma2.it\/wp-content\/uploads\/2025\/10\/4c324f6d-9fa3-4447-af98-8d5ee53ec3c2-724x1024.jpg 724w, https:\/\/www-2021.scienzenutrizione.uniroma2.it\/wp-content\/uploads\/2025\/10\/4c324f6d-9fa3-4447-af98-8d5ee53ec3c2-212x300.jpg 212w, https:\/\/www-2021.scienzenutrizione.uniroma2.it\/wp-content\/uploads\/2025\/10\/4c324f6d-9fa3-4447-af98-8d5ee53ec3c2-768x1087.jpg 768w, https:\/\/www-2021.scienzenutrizione.uniroma2.it\/wp-content\/uploads\/2025\/10\/4c324f6d-9fa3-4447-af98-8d5ee53ec3c2.jpg 1060w\" sizes=\"auto, (max-width: 724px) 100vw, 724px\" \/><\/figure><div class=\"wp-block-media-text__content\">\n<p class=\"has-text-align-center has-medium-font-size\"><strong><mark style=\"background-color:rgba(0, 0, 0, 0)\" class=\"has-inline-color has-vivid-red-color\">Sport, salute e prevenzione: a Roma (10-12 ottobre) torna la tre giorni di \u201cTennis and Friends\u201d. OBLA presente con un proprio stand<\/mark><\/strong><\/p>\n\n\n\n<p>Roma&nbsp;si prepara ad ospitare la \u201ctappa capitolina\u201d di <strong>\u201cTennis and Friends \u2013 Salute e Sport\u201c<\/strong>, l\u2019oramai tradizionale evento itinerante giunto, quest\u2019anno, alla sua&nbsp;<strong>quindicesima edizione<\/strong>: una lunga staffetta per sensibilizzare, ancora una volta, la popolazione sull\u2019importanza della prevenzione, perch\u00e9 una&nbsp;diagnosi precoce, unitamente ad un&nbsp;corretto stile di vita, \u00e8 oggi pi\u00f9 che mai fondamentale<\/p>\n<\/div><\/div>\n\n\n\n<p>Dal <strong>10 al 12 ottobre<\/strong>, dalle ore 10 e fino alle 19, gli spazi del&nbsp;Foro Italico&nbsp;daranno vita ad una \u201ctre giorni\u201d interamente dedicata a&nbsp;prevenzione e sport&nbsp;con&nbsp;professionisti sanitari,&nbsp;atleti, ma anche&nbsp;personaggi del mondo dello spettacolo&nbsp;e&nbsp;migliaia di cittadini&nbsp;pronti a ritrovarsi nel \u201cvillaggio della salute&nbsp;e dello sport\u201c: uno spazio speciale al cui interno \u2013 anche attraverso&nbsp;check-up&nbsp;gratuiti \u2013 sar\u00e0 possibile vivere, assieme, un\u2019esperienza all\u2019insegna del benessere e della solidariet\u00e0. <br>Tra i \u201ccamici bianchi\u201d presenti nel complesso sportivo di viale del Foro Italico, ci saranno anche i&nbsp;<strong>Biologi dell\u2019OBLA&nbsp;<\/strong>con un proprio, attrezzatissimo&nbsp;stand. \u201cSi tratta di uno degli eventi pi\u00f9 importanti di Roma per quanto concerne la tutela e la prevenzione della salute da qui l\u2019importanza di esserci con un nostro spazio. Un autentico prvilegio per noi\u201d commenta la Dott.ssa&nbsp;Daniela Arduini, presidente dell\u2019Ordine dei Biologi del Lazio e dell\u2019Abruzzo. \u201cNel nostro stand \u2013 aggiunge la Arduini \u2013 forniremo consulenze gratuite nutrizionali e sulla sostenibilit\u00e0 ambientale\u201d. Tutti i Biologi dell\u2019OBLA saranno coinvolti nell\u2019iniziativa. &nbsp;<\/p>\n\n\n\n<p><a href=\"https:\/\/www-2021.scienzenutrizione.uniroma2.it\/wp-content\/uploads\/2025\/10\/modulo-adesione-Tennis-Friends-1.pdf\" target=\"_blank\" rel=\"noreferrer noopener\"><mark style=\"background-color:rgba(0, 0, 0, 0);color:#1611ca\" class=\"has-inline-color\"><strong>SCARICA IL MODULO DI ADESIONE<\/strong><\/mark><\/a><\/p>\n\n\n\n<hr class=\"wp-block-separator has-text-color has-alpha-channel-opacity has-background is-style-wide\" style=\"background-color:#2a20d4;color:#2a20d4\"\/>\n\n\n<div class=\"wp-block-image\">\n<figure class=\"aligncenter is-resized\"><img loading=\"lazy\" decoding=\"async\" width=\"731\" height=\"1024\" src=\"https:\/\/www-2021.scienzenutrizione.uniroma2.it\/wp-content\/uploads\/2025\/05\/locandina-per-5_06_25_v02_b-2-731x1024.jpg\" alt=\"\" class=\"wp-image-4245\" style=\"width:540px;height:756px\" srcset=\"https:\/\/www-2021.scienzenutrizione.uniroma2.it\/wp-content\/uploads\/2025\/05\/locandina-per-5_06_25_v02_b-2-731x1024.jpg 731w, https:\/\/www-2021.scienzenutrizione.uniroma2.it\/wp-content\/uploads\/2025\/05\/locandina-per-5_06_25_v02_b-2-214x300.jpg 214w, https:\/\/www-2021.scienzenutrizione.uniroma2.it\/wp-content\/uploads\/2025\/05\/locandina-per-5_06_25_v02_b-2-768x1075.jpg 768w, https:\/\/www-2021.scienzenutrizione.uniroma2.it\/wp-content\/uploads\/2025\/05\/locandina-per-5_06_25_v02_b-2-1097x1536.jpg 1097w, https:\/\/www-2021.scienzenutrizione.uniroma2.it\/wp-content\/uploads\/2025\/05\/locandina-per-5_06_25_v02_b-2-1463x2048.jpg 1463w, https:\/\/www-2021.scienzenutrizione.uniroma2.it\/wp-content\/uploads\/2025\/05\/locandina-per-5_06_25_v02_b-2-scaled.jpg 1829w\" sizes=\"auto, (max-width: 731px) 100vw, 731px\" \/><\/figure>\n<\/div>\n\n\n<h2 class=\"wp-block-heading has-text-align-center\"><mark style=\"background-color:rgba(0, 0, 0, 0)\" class=\"has-inline-color has-vivid-red-color\"><strong>Consulente Junior Sicurezza Alimentare<\/strong><\/mark><\/h2>\n\n\n\n<p class=\"has-black-color has-text-color\">La societ\u00e0 <strong>Corilab Consulenza<\/strong> (consulenza ed ingegneria specializzata nel supporto alle piccole, medie e grandi imprese) ricerca un consulente junior per la sicurezza alimentare, anche senza esperienza, con le seguenti mansioni: <br>&#8211; sopralluoghi presso le aziende clienti per l&#8217;acquisizione dei dati e verifica stato dei luoghi<br>&#8211; redazione Piani di Autocontrollo Alimentare<br>&#8211; monitoraggio della conformit\u00e0 agli standard normativi e redazione di report di verifica.<br><br><strong><mark style=\"background-color:rgba(0, 0, 0, 0);color:#190ce8\" class=\"has-inline-color\">REQUISITI<\/mark><\/strong>:<br>&#8211; Conoscenza delle normative di sicurezza alimentare (pacchetto igiene Reg Ce 852-2004, Reg Ce 853-2004, Rec CE 1169-2011 e normative di settore)<br>&#8211; conoscenza della normativa in materia di salute e sicurezza nei luoghi di lavoro (D Lgs 81-08 e smi oltre alle normative collegate); costituisce titolo preferenziale di selezione<br>&#8211; Capacit\u00e0 di analisi e problem solving<br>&#8211; Ottime doti comunicative e predisposizione al lavoro in team<br>&#8211; Disponibilit\u00e0 a brevi trasferte presso aziende clienti (possesso di patente B)<br><br>&#8211; CCNL studi professionali<br>&#8211; Contratto di apprendistato<br>&#8211; Giornata lavorativa full time 9.00-18:00&nbsp;dal Luned\u00ec al Venerd\u00ec<br>&#8211; Luogo di lavoro: Frascati<br>&#8211; Data limite per la candidatura: <strong>4 giugno 2025<\/strong><br>&#8211; Livello di studi: <strong>Laurea magistrale o equivalente<\/strong><br>&#8211; Informazioni e candidatura al seguente <strong><a rel=\"noreferrer noopener\" href=\"https:\/\/uniroma2.jobteaser.com\/it\/job-offers\/7b156273-d4e7-4d3a-964c-9afe51f8fce5-infojobs-consulente-junior-sicurezza-alimentare\" target=\"_blank\"><mark style=\"background-color:rgba(0, 0, 0, 0);color:#0b15e8\" class=\"has-inline-color\">link<\/mark><\/a><\/strong><\/p>\n\n\n\n<hr class=\"wp-block-separator has-text-color has-alpha-channel-opacity has-background is-style-wide\" style=\"background-color:#0b15e8;color:#0b15e8\"\/>\n\n\n\n<div class=\"wp-block-media-text alignwide is-stacked-on-mobile is-vertically-aligned-top\" style=\"grid-template-columns:39% auto\"><figure class=\"wp-block-media-text__media\"><img loading=\"lazy\" decoding=\"async\" width=\"794\" height=\"1024\" src=\"https:\/\/www-2021.scienzenutrizione.uniroma2.it\/wp-content\/uploads\/2025\/04\/2025_prestazioni-specialistiche-finale-scaled-003-794x1024.jpg\" alt=\"\" class=\"wp-image-4219 size-full\" srcset=\"https:\/\/www-2021.scienzenutrizione.uniroma2.it\/wp-content\/uploads\/2025\/04\/2025_prestazioni-specialistiche-finale-scaled-003-794x1024.jpg 794w, https:\/\/www-2021.scienzenutrizione.uniroma2.it\/wp-content\/uploads\/2025\/04\/2025_prestazioni-specialistiche-finale-scaled-003-233x300.jpg 233w, https:\/\/www-2021.scienzenutrizione.uniroma2.it\/wp-content\/uploads\/2025\/04\/2025_prestazioni-specialistiche-finale-scaled-003-768x990.jpg 768w, https:\/\/www-2021.scienzenutrizione.uniroma2.it\/wp-content\/uploads\/2025\/04\/2025_prestazioni-specialistiche-finale-scaled-003-1192x1536.jpg 1192w, https:\/\/www-2021.scienzenutrizione.uniroma2.it\/wp-content\/uploads\/2025\/04\/2025_prestazioni-specialistiche-finale-scaled-003-1589x2048.jpg 1589w, https:\/\/www-2021.scienzenutrizione.uniroma2.it\/wp-content\/uploads\/2025\/04\/2025_prestazioni-specialistiche-finale-scaled-003.jpg 1986w\" sizes=\"auto, (max-width: 794px) 100vw, 794px\" \/><\/figure><div class=\"wp-block-media-text__content\">\n<p><strong>Marted\u00ec 13 maggio 2025, alle ore 10.30<\/strong>, presso l\u2019Auditorium della Musica \u2013 Ennio Morricone, in via de Coubertin 30, si terr\u00e0 un evento promosso dalla Federazione Nazionale degli Ordini dei Biologi (FNOB), che ha come obiettivo principale quello di presentare alle Autorit\u00e0, ai parlamentari, ai rappresentanti delle Regioni e a tutti i convenuti le problematiche relative alla tutela e all\u2019implementazione delle prerogative professionali dei biologi.<\/p>\n\n\n\n<p>L\u2019evento rappresenta un momento di confronto e proposta, in un contesto in cui sono in corso alcuni atti legislativi che coinvolgono direttamente o indirettamente le competenze dei biologi e le attivit\u00e0 che da anni svolgono nei campi delle professioni sanitarie, ambientali, diagnostiche e agroalimentari. La biologia, infatti, si configura come una scienza in continua evoluzione, pronta ad aprire nuove strade professionali e a modificare gli scenari sociali e sanitari grazie alle nuove conoscenze scientifiche.<\/p>\n\n\n\n<p>Questa iniziativa pu\u00f2 essere di grande interesse anche per gli studenti dell\u2019Universit\u00e0, offrendo loro l\u2019opportunit\u00e0 di approfondire temi di grande attualit\u00e0 e di entrare in contatto con professionisti e rappresentanti delle istituzioni.<\/p>\n<\/div><\/div>\n\n\n\n<hr class=\"wp-block-separator has-text-color has-alpha-channel-opacity has-background is-style-wide\" style=\"background-color:#1c10e4;color:#1c10e4\"\/>\n\n\n\n<div class=\"wp-block-media-text is-stacked-on-mobile is-vertically-aligned-center\" style=\"grid-template-columns:44% auto\"><figure class=\"wp-block-media-text__media\"><img loading=\"lazy\" decoding=\"async\" width=\"712\" height=\"720\" src=\"https:\/\/www-2021.scienzenutrizione.uniroma2.it\/wp-content\/uploads\/2025\/04\/giornata-biologi-2025.jpg\" alt=\"\" class=\"wp-image-4208 size-full\" srcset=\"https:\/\/www-2021.scienzenutrizione.uniroma2.it\/wp-content\/uploads\/2025\/04\/giornata-biologi-2025.jpg 712w, https:\/\/www-2021.scienzenutrizione.uniroma2.it\/wp-content\/uploads\/2025\/04\/giornata-biologi-2025-297x300.jpg 297w\" sizes=\"auto, (max-width: 712px) 100vw, 712px\" \/><\/figure><div class=\"wp-block-media-text__content\">\n<p class=\"has-text-align-center has-vivid-red-color has-text-color has-medium-font-size\"><strong>GIORNATA NAZIONALE DEL <br>BIOLOGO PROFESSIONISTA<\/strong><mark style=\"background-color:rgba(0, 0, 0, 0)\" class=\"has-inline-color has-vivid-red-color\"><br><strong style=\"background-color: rgba(0, 0, 0, 0);\">XI edizione<\/strong><\/mark><br><mark style=\"background-color:rgba(0, 0, 0, 0)\" class=\"has-inline-color has-vivid-red-color\"><strong>24-25 maggio 2025<\/strong><br><\/mark><\/p>\n\n\n\n<p>L\u2019ENPAB organizza il consueto appuntamento in 19 piazze italiane, che permette agli iscritti di rendere un servizio sociale importante sul territorio di riferimento, allo scopo di favorire la prevenzione primaria e di educare il cittadino ad un corretto stile di vita e ad un comportamento sostenibile.<br><br>Compilare il form disponibile al seguente<a href=\"https:\/\/www-2021.scienzenutrizione.uniroma2.it\/wp-content\/uploads\/2025\/04\/modulo_candidatura_GNBP_2025.docx\" target=\"_blank\" rel=\"noreferrer noopener\">&nbsp;<mark style=\"background-color:rgba(0, 0, 0, 0);color:#0a18e4\" class=\"has-inline-color\"><strong>link<\/strong> <\/mark><\/a>ed inviarlo a<strong> <a href=\"mailto:gnbp@enpab.it\"><mark style=\"background-color:rgba(0, 0, 0, 0);color:#0a18e4\" class=\"has-inline-color\">gnbp@enpab.i<\/mark><\/a><\/strong><a href=\"mailto:gnbp@enpab.it\"><mark style=\"background-color:rgba(0, 0, 0, 0);color:#0a18e4\" class=\"has-inline-color\">t<\/mark><\/a> La selezione avverr\u00e0 in ordine cronologico rispetto all\u2019arrivo della richiesta.<\/p>\n<\/div><\/div>\n\n\n\n<hr class=\"wp-block-separator has-text-color has-alpha-channel-opacity has-background is-style-wide\" style=\"background-color:#101aed;color:#101aed\"\/>\n\n\n\n<div class=\"wp-block-media-text alignwide has-media-on-the-right is-stacked-on-mobile\" style=\"grid-template-columns:auto 15%\"><div class=\"wp-block-media-text__content\">\n<p class=\"has-text-align-center has-medium-font-size\"><strong><mark style=\"background-color:rgba(0, 0, 0, 0)\" class=\"has-inline-color has-black-color\">Quality Procedure Internship<\/mark><\/strong><br><strong><mark style=\"background-color:rgba(0, 0, 0, 0)\" class=\"has-inline-color has-black-color\">TIROCINIO 6 MESI<\/mark><\/strong><\/p>\n<\/div><figure class=\"wp-block-media-text__media\"><img loading=\"lazy\" decoding=\"async\" width=\"121\" height=\"42\" src=\"https:\/\/www-2021.scienzenutrizione.uniroma2.it\/wp-content\/uploads\/2025\/02\/birra-peroni-1.jpg\" alt=\"\" class=\"wp-image-4148 size-full\"\/><\/figure><\/div>\n\n\n\n<p class=\"has-medium-font-size\">Stagista che supporti il team qualit\u00e0 nella revisione, aggiornamento e integrazione della documentazione del Sistema di Qualit\u00e0 (Direzione Generale, stabilimenti di Bari, Roma e Padova).&nbsp;<br><strong><mark style=\"background-color:rgba(0, 0, 0, 0)\" class=\"has-inline-color has-black-color\">REQUISITI<\/mark><\/strong><br>&#8211; Laurea in Scienze e Tecnologie Alimentari, Biologia, Chimica o simili.<br>&#8211; Interesse e conoscenza dei principi di gestione della qualit\u00e0 (ISO, GMP, ecc.).<br>&#8211; Familiarit\u00e0 con sistemi informatici di gestione documentale (preferibile).<br>&#8211; Capacit\u00e0 di organizzazione, precisione e attenzione ai dettagli.<br>&#8211; Buona conoscenza dei principali strumenti di Microsoft Office (Word ed Excel).<br>&#8211; Buone capacit\u00e0 relazionali e di lavoro in team.<br><strong>DATA LIMITE PER LA CANDIDATURA:<\/strong> 19 marzo 2025<br>Maggiori informazioni al seguente <a rel=\"noreferrer noopener\" href=\"https:\/\/uniroma2.jobteaser.com\/it\/job-offers\/d0e5137c-ae8f-4403-ad9d-e18c82d882ee-birra-peroni-srl-quality-procedure-internship\" target=\"_blank\"><mark style=\"background-color:rgba(0, 0, 0, 0);color:#1114e3\" class=\"has-inline-color\">link<\/mark><\/a><\/p>\n\n\n\n<div style=\"height:31px\" aria-hidden=\"true\" class=\"wp-block-spacer\"><\/div>\n\n\n\n<hr class=\"wp-block-separator has-alpha-channel-opacity is-style-wide\"\/>\n\n\n\n<h1 class=\"wp-block-heading alignwide has-text-align-center has-large-font-size\"><mark style=\"background-color:rgba(0, 0, 0, 0)\" class=\"has-inline-color has-black-color\">Hylobates Consulting<\/mark><br><br><strong><mark style=\"background-color:rgba(0, 0, 0, 0);color:#0a18e4\" class=\"has-inline-color\"><strong><mark style=\"background-color:rgba(0, 0, 0, 0)\" class=\"has-inline-color has-vivid-red-color\">Stage tecnico regolatorio<\/mark><\/strong><\/mark><\/strong> <strong><mark style=\"background-color:rgba(0, 0, 0, 0);color:#0a18e4\" class=\"has-inline-color\"><strong><mark style=\"background-color:rgba(0, 0, 0, 0)\" class=\"has-inline-color has-vivid-red-color\">nell&#8217;ambito degli<\/mark><\/strong><\/mark><\/strong><\/h1>\n\n\n\n<h1 class=\"wp-block-heading alignwide has-text-align-center has-large-font-size\"><strong><mark style=\"background-color:rgba(0, 0, 0, 0);color:#0a18e4\" class=\"has-inline-color\"><strong><mark style=\"background-color:rgba(0, 0, 0, 0)\" class=\"has-inline-color has-vivid-red-color\">integratori alimentari<\/mark><\/strong><\/mark><\/strong><mark style=\"background-color:rgba(0, 0, 0, 0)\" class=\"has-inline-color has-black-color\"> <\/mark><\/h1>\n\n\n\n<div class=\"wp-block-buttons is-content-justification-center is-layout-flex wp-container-core-buttons-is-layout-16018d1d wp-block-buttons-is-layout-flex\">\n<div class=\"wp-block-button\"><a class=\"wp-block-button__link has-black-color has-pale-cyan-blue-background-color has-text-color has-background has-text-align-center wp-element-button\" href=\"https:\/\/connect.jobteaser.com\/?client_id=e500827d-07fc-4766-97b4-4f960a2835e7&amp;entity_cc_name=Career+Center&amp;entity_color=%23044d2f&amp;entity_logo=https%3A%2F%2Fd1guu6n8gz71j.cloudfront.net%2Fsystem%2Fasset%2Flogos%2F7137039%2Flogo.png%3F1690551248&amp;entity_name=%22Tor+Vergata%22&amp;nonce=216ce7735b4994fb3208387af9c22b87&amp;organization_domain=uniroma2&amp;redirect_uri=https%3A%2F%2Fwww.jobteaser.com%2Fusers%2Fauth%2Fconnect%2Fcallback%3Fredirect_uri%3Dhttps%253A%252F%252Fwww.jobteaser.com%252Fusers%252Fauth%252Fconnect%252Fcallback&amp;response_type=code&amp;scope=openid+email+profile+groups+urn%3Aconnect%3Ajobteaser%3Acom%3Aorganization+urn%3Aconnect%3Ajobteaser%3Acom%3Aextra_attributes&amp;state=b63c9bc40f5abc9f4b197ea3ecb4680d&amp;ui_locales=it\" target=\"_blank\" rel=\"noreferrer noopener\">Sei interessato?<br>CANDIDATI<\/a><\/div>\n<\/div>\n\n\n\n<div style=\"height:14px\" aria-hidden=\"true\" class=\"wp-block-spacer\"><\/div>\n\n\n\n<div class=\"wp-block-media-text is-stacked-on-mobile is-vertically-aligned-top\" style=\"grid-template-columns:22% auto\"><figure class=\"wp-block-media-text__media\"><img loading=\"lazy\" decoding=\"async\" width=\"110\" height=\"110\" src=\"https:\/\/www-2021.scienzenutrizione.uniroma2.it\/wp-content\/uploads\/2022\/09\/logo.png\" alt=\"\" class=\"wp-image-2310 size-full\"\/><\/figure><div class=\"wp-block-media-text__content\">\n<p><strong>Tirocinio\/Stage 6 mesi <\/strong>&#8211; Rome (Italy) &#8211; Lavoro da remoto non permesso<\/p>\n\n\n\n<p>L&#8217;attivit\u00e0 \u00e8 centrata sulla valutazione e adattamento di etichette di&nbsp;<strong>integratori alimentari<\/strong>&nbsp;e di altro tipo nelle lingue europee, dal punto di vista regolatorio e linguistico. Contribuirai all&#8217;avanzamento dei progetti mediante conference call, incontri e comunicazioni scritte con clienti e partner internazionali, all&#8217;analisi di contenuti in pi\u00f9 lingue e alla risoluzione dei problemi dei nostri clienti.<\/p>\n\n\n\n<p><strong>Requisiti tecnico professionali:<\/strong><br>&#8211; Laureati in: Farmacia, Scienze biologiche (o simili), Scienze della nutrizione.<br>&#8211; Interesse per gli aspetti regolatori (interfaccia tra scienza, tecnica e normativa) e l&#8217;attivit\u00e0 consulenziale.<br>&#8211; Capacit\u00e0 di ricerca, lettura ed elaborazione di documenti tecnici in varie lingue.<br>&#8211; Conoscenza avanzata della lingua inglese (preferibilmente con esperienza all&#8217;estero di almeno 6 mesi).<br>&#8211; Preferibilmente conoscenza di un&#8217;altra lingua tra Francese\/Spagnolo.<br>&#8211; Ottima dimestichezza con le seguenti applicazioni: Windows, Pacchetto Office e Pacchetto GSuite<\/p>\n\n\n\n<p><strong>Requisiti personali<\/strong><br>&#8211; <strong>lavoro in team<br>&#8211; precisione<br>&#8211; Capacit\u00e0 di lavorare a ritmi serrati rispettando le scadenze<\/strong><br>&#8211; Ottime capacit\u00e0 relazionali e gestionali <br>&#8211; Problem solving<br>&#8211; Flessibilit\u00e0 <\/p>\n\n\n\n<p><br><strong>Data di inizio<\/strong>: Appena possibile <br><strong>Data limite per la candidatura<\/strong>: <mark style=\"background-color:rgba(0, 0, 0, 0);color:#1c17d4\" class=\"has-inline-color\"><strong>14 novembre 2025<\/strong><\/mark><\/p>\n<\/div><\/div>\n\n\n\n<hr class=\"wp-block-separator has-text-color has-alpha-channel-opacity has-background is-style-wide\" style=\"background-color:#1224ed;color:#1224ed\"\/>\n\n\n\n<h2 class=\"wp-block-heading has-text-align-center\"><strong><mark style=\"background-color:rgba(0, 0, 0, 0)\" class=\"has-inline-color has-vivid-red-color\">Conoscere e riconoscere un olio EVO di qualit\u00e0<\/mark><\/strong><\/h2>\n\n\n\n<div class=\"wp-block-media-text alignwide is-stacked-on-mobile is-vertically-aligned-center\" style=\"grid-template-columns:28% auto\"><figure class=\"wp-block-media-text__media\"><img loading=\"lazy\" decoding=\"async\" width=\"1024\" height=\"1024\" src=\"https:\/\/www-2021.scienzenutrizione.uniroma2.it\/wp-content\/uploads\/2024\/10\/Incontro-Nutrizionisti-1024x1024.jpeg\" alt=\"\" class=\"wp-image-3970 size-full\" srcset=\"https:\/\/www-2021.scienzenutrizione.uniroma2.it\/wp-content\/uploads\/2024\/10\/Incontro-Nutrizionisti-1024x1024.jpeg 1024w, https:\/\/www-2021.scienzenutrizione.uniroma2.it\/wp-content\/uploads\/2024\/10\/Incontro-Nutrizionisti-300x300.jpeg 300w, https:\/\/www-2021.scienzenutrizione.uniroma2.it\/wp-content\/uploads\/2024\/10\/Incontro-Nutrizionisti-150x150.jpeg 150w, https:\/\/www-2021.scienzenutrizione.uniroma2.it\/wp-content\/uploads\/2024\/10\/Incontro-Nutrizionisti-768x768.jpeg 768w, https:\/\/www-2021.scienzenutrizione.uniroma2.it\/wp-content\/uploads\/2024\/10\/Incontro-Nutrizionisti-1536x1536.jpeg 1536w, https:\/\/www-2021.scienzenutrizione.uniroma2.it\/wp-content\/uploads\/2024\/10\/Incontro-Nutrizionisti-230x230.jpeg 230w, https:\/\/www-2021.scienzenutrizione.uniroma2.it\/wp-content\/uploads\/2024\/10\/Incontro-Nutrizionisti-365x365.jpeg 365w, https:\/\/www-2021.scienzenutrizione.uniroma2.it\/wp-content\/uploads\/2024\/10\/Incontro-Nutrizionisti.jpeg 1600w\" sizes=\"auto, (max-width: 1024px) 100vw, 1024px\" \/><\/figure><div class=\"wp-block-media-text__content\">\n<p>La Fondazione evooschool (https:\/\/www.evooschool.it\/) nasce a Roma per volont\u00e0 della Confederazione Nazionale&nbsp;Coldiretti&nbsp;e del&nbsp;Collegio Nazionale degli Agrotecnici e degli Agrotecnici Laureati.<br>Ha organizzato un incontro, rivolto ai nutrizionisti, con &nbsp;l\u2019obiettivo di avvicinare i partecipanti alla conoscenza della filiera olivicolo olearia e di far apprezzare le peculiarit\u00e0 dell\u2019olio extra vergine d\u2019oliva, eccellenza del Made in Italy agroalimentare ed alimento cardine della Dieta Mediterranea.<br>L&#8217;evento si si terr\u00e0 <strong>gioved\u00ec 30 gennaio 2025<\/strong>, <strong>18.30-20.30<\/strong>, Via Nazionale 89\/A Roma.<br>Tutte le informazioni sono disponibili al seguente <a rel=\"noreferrer noopener\" href=\"https:\/\/www.evooschool.it\/dettaglio-corso\/?jfIdCourse=272319\" target=\"_blank\"><mark style=\"background-color:rgba(0, 0, 0, 0);color:#200cea\" class=\"has-inline-color\">link<\/mark><\/a>.<\/p>\n<\/div><\/div>\n\n\n\n<hr class=\"wp-block-separator has-text-color has-alpha-channel-opacity has-background is-style-wide\" style=\"background-color:#1813ed;color:#1813ed\"\/>\n\n\n\n<h2 class=\"wp-block-heading has-text-align-center\"><strong><mark style=\"background-color:rgba(0, 0, 0, 0)\" class=\"has-inline-color has-vivid-red-color\">Career day<\/mark><\/strong><br><mark style=\"background-color:rgba(0, 0, 0, 0)\" class=\"has-inline-color has-vivid-red-color\">16 ottobre 2024 10.00-17.00<br>Piazzale del Rettorato<br>Via Cracovia 90<\/mark><\/h2>\n\n\n\n<p>Il Career day \u00e8 rivolto a studenti, laureandi e laureati di Lauree magistrali e rappresenta un servizio di orientamento in uscita dell&#8217;Universit\u00e0.<br>E&#8217; un consueto appuntamento che l&#8217;Universit\u00e0 di Tor Vergata organizza ormai da pi\u00f9 di 15 anni per far prendere contatti diretti con aziende &#8220;interessate&#8221; in modo da &nbsp;iniziare un percorso professionale insieme.<\/p>\n\n\n\n<p>Il&nbsp;<strong>16 ottobre 2024, nel piazzale del Rettorato,&nbsp;<\/strong>le aziende potranno incontrare student*, laureand* e laureat* di tutte le Facolt\u00e0 nel loro&nbsp;<strong>stand&nbsp;<\/strong>personale ed effettuare&nbsp;<strong>meeting, presentazioni aziendali e colloqui.<\/strong><br>Per ulteriori informazioni, consultare il <a href=\"http:\/\/placement.uniroma2.it\/career-day\/#:~:text=Torna%20di%20nuovo%20in%20presenza,iniziare%20un%20percorso%20professionale%20insieme\" target=\"_blank\" rel=\"noreferrer noopener\"><strong><mark style=\"background-color:rgba(0, 0, 0, 0);color:#170aee\" class=\"has-inline-color\">link<\/mark><\/strong><\/a>.<\/p>\n\n\n\n<hr class=\"wp-block-separator has-text-color has-alpha-channel-opacity has-background is-style-wide\" style=\"background-color:#1a0df0;color:#1a0df0\"\/>\n\n\n\n<h2 class=\"wp-block-heading has-text-align-center\"><strong><mark style=\"background-color:rgba(0, 0, 0, 0)\" class=\"has-inline-color has-vivid-red-color\">RAFT \u2013 CREA \u2013 Alimenti e nutrizione<\/mark><\/strong><br><mark style=\"background-color:rgba(0, 0, 0, 0)\" class=\"has-inline-color has-vivid-red-color\">18 settembre 2024 10.30-11.30<br>Consorzio Elis per la formazione professionale superiore<br>Via Sandro Sandri 45<\/mark><\/h2>\n\n\n\n<p>Experiential Food: AI, Arte, Design e Ricerca scientifica per un Nuovo Ecosistema del Cibo a cura di Stefania Ruggeri (CREA-Alimenti e Nutrizione) &amp; Virgilio Maretti (Food Innovation Broker) Experiental Food \u00e8 un workshop in cui i partecipanti vivranno una nuova esperienza con il cibo in cui l\u2019innovazione digitale, l\u2019arte, il design e la ricerca scientifica saranno i quattro conduttori di emozioni e di saperi. Verranno narrate le nuove tendenze della gastronomia e come queste possono influenzare la produzione alimentare sostenibile. Questo evento \u00e8 parte integrante della visione di RAFT, il primo polo romano dell\u2019agrifoodtech, che mira a catalizzare l\u2019innovazione nel settore agroalimentare della Capitale. Partecipando, contribuirai attivamente alla crescita di un ecosistema all\u2019avanguardia che sta ridefinendo il futuro del cibo e dell\u2019agricoltura a Roma e oltre.<br>Registrazione al seguente <a href=\"https:\/\/www.eventbrite.it\/e\/raft-crea-experiential-food-tickets-972052965587?aff=oddtdtcreator\" target=\"_blank\" rel=\"noreferrer noopener\"><strong><mark style=\"background-color:rgba(0, 0, 0, 0);color:#0a18e4\" class=\"has-inline-color\">link<\/mark><\/strong><\/a>.<\/p>\n\n\n\n<hr class=\"wp-block-separator alignwide has-text-color has-alpha-channel-opacity has-background is-style-wide\" style=\"background-color:#1410da;color:#1410da\"\/>\n\n\n\n<div class=\"wp-block-group\"><div class=\"wp-block-group__inner-container is-layout-constrained wp-block-group-is-layout-constrained\">\n<div class=\"wp-block-group has-pale-cyan-blue-background-color has-background\"><div class=\"wp-block-group__inner-container is-layout-constrained wp-block-group-is-layout-constrained\">\n<p class=\"has-text-align-center has-pale-cyan-blue-background-color has-background\" style=\"font-size:22px\"><strong><mark style=\"background-color:rgba(0, 0, 0, 0)\" class=\"has-inline-color has-vivid-red-color\">CONCORSO MINISTERO DELLA DIFESA<\/mark><\/strong><\/p>\n\n\n\n<p class=\"has-pale-cyan-blue-background-color has-background has-medium-font-size\">Il Ministero della Difesa ha indetto un concorso pubblico, per titoli ed esami, per il reclutamento, a nomina diretta, di 64 Marescialli delle Forze Armate in ambito sanitario (compresa la figura professionale di <strong>Biologo nutrizionista<\/strong>).<br>Il Bando di concorso \u00e8 visibile al seguente <a rel=\"noreferrer noopener\" href=\"https:\/\/www-2021.scienzenutrizione.uniroma2.it\/wp-content\/uploads\/2024\/09\/Bando-Ministero-Difesa.pdf\" target=\"_blank\"><strong><mark style=\"background-color:rgba(0, 0, 0, 0);color:#0a18e4\" class=\"has-inline-color\">link<\/mark><\/strong><\/a>.<br>NOTA: I termini di scadenza per la presentazione delle domande di partecipazione sono stati prorogati, secondo l&#8217;avviso consultabile al seguente <a href=\"https:\/\/www-2021.scienzenutrizione.uniroma2.it\/wp-content\/uploads\/2024\/09\/PROROGA-Bando-Ministero-Difesa.pdf\" target=\"_blank\" rel=\"noreferrer noopener\"><strong><mark style=\"background-color:rgba(0, 0, 0, 0);color:#0a18e4\" class=\"has-inline-color\">link<\/mark><\/strong><\/a>.<\/p>\n<\/div><\/div>\n<\/div><\/div>\n\n\n\n<div style=\"height:26px\" aria-hidden=\"true\" class=\"wp-block-spacer\"><\/div>\n\n\n\n<hr class=\"wp-block-separator has-text-color has-alpha-channel-opacity has-background is-style-wide\" style=\"background-color:#1b24e9;color:#1b24e9\"\/>\n\n\n\n<div class=\"wp-block-media-text is-stacked-on-mobile is-vertically-aligned-center\" style=\"grid-template-columns:39% auto\"><figure class=\"wp-block-media-text__media\"><img loading=\"lazy\" decoding=\"async\" width=\"608\" height=\"511\" src=\"https:\/\/www-2021.scienzenutrizione.uniroma2.it\/wp-content\/uploads\/2024\/08\/Senza-titolo-1.jpg\" alt=\"\" class=\"wp-image-3757 size-full\" srcset=\"https:\/\/www-2021.scienzenutrizione.uniroma2.it\/wp-content\/uploads\/2024\/08\/Senza-titolo-1.jpg 608w, https:\/\/www-2021.scienzenutrizione.uniroma2.it\/wp-content\/uploads\/2024\/08\/Senza-titolo-1-300x252.jpg 300w\" sizes=\"auto, (max-width: 608px) 100vw, 608px\" \/><\/figure><div class=\"wp-block-media-text__content\">\n<p class=\"has-text-align-center has-vivid-red-color has-text-color has-medium-font-size\"><strong>SPAZIO NUTRIZIONE 2024<\/strong><mark style=\"background-color:rgba(0, 0, 0, 0)\" class=\"has-inline-color has-vivid-red-color\"><strong> <\/strong><br><strong>NH Milano Congress Centre &#8211; Assago<\/strong><\/mark><br><mark style=\"background-color:rgba(0, 0, 0, 0)\" class=\"has-inline-color has-vivid-red-color\"><strong>11-12 ottobre 2024<\/strong><br><\/mark><\/p>\n\n\n\n<p>L\u2019ENPAB ha riservato&nbsp;posti gratuiti per gli studenti del Corso di Studio che volessero partecipare.<br>Tutte le istruzioni per l\u2019iscrizione, sono disponibili al seguente&nbsp;<a rel=\"noreferrer noopener\" href=\"https:\/\/iscrizioni.akesios.it\/Login.asp?IDcommessa=SPAZIO%20NUTRIZIONE%202024&amp;Lang=IT\" target=\"_blank\"><mark style=\"background-color:rgba(0, 0, 0, 0);color:#0a18e4\" class=\"has-inline-color\"><strong>link<\/strong><\/mark><\/a>.<br>Il programma \u00e8 disponibile al seguente&nbsp;<a rel=\"noreferrer noopener\" href=\"https:\/\/www-2021.scienzenutrizione.uniroma2.it\/wp-content\/uploads\/2024\/08\/SN-2024-Brochure-Web-v.16.pdf\" target=\"_blank\"><mark style=\"background-color:rgba(0, 0, 0, 0);color:#0a18e4\" class=\"has-inline-color\"><strong>link<\/strong><\/mark><\/a>.<\/p>\n\n\n\n<p><strong>Informazioni importanti per l&#8217;iscrizione:<\/strong><br>&#8211; inserire come professione BIOLOGO<br>&#8211; inserire nelle note TORVERGATA<br>&#8211; inserire codice Coupon <strong>F2K6G7O6<\/strong><\/p>\n<\/div><\/div>\n\n\n\n<p>Il codice Coupon permette di partecipare gratuitamente alla giornata di sabato 12 ottobre 2024, oltre a:<br>&#8211; Kit congressuale<br>&#8211; Accesso al salone espositivo per incontrare i partner di Spazio Nutrizione<br>&#8211; Lunch di Sabato 12 ottobre offerto da Enpab<br>&#8211; Attestato di partecipazione<br>&#8211; Iscrizione gratuita alla FAD&nbsp;Spazio Nutrizione 2024 che conferir\u00e0 20 crediti ECM<\/p>\n\n\n\n<p>Gli studenti potranno inoltre partecipare ad entrambe le giornate 11 e 12 ottobre 2024 di Spazio Nutrizione<strong>&nbsp;al costo di 100,00\u20ac<\/strong>&nbsp;anzich\u00e9 200,00\u20ac.<\/p>\n\n\n\n<p>Si prega di inviare una lista dei partecipanti (tramite il rappresentante studenti) alla Segreteria didattica (<a href=\"mailto:sc.nutrizioneumana@med.uniroma2.it\"><mark style=\"background-color:rgba(0, 0, 0, 0);color:#0a18e4\" class=\"has-inline-color\"><strong>sc.nutrizioneumana@med.uniroma2.it<\/strong><\/mark><\/a>) entro il <strong>25 settembre 2024<\/strong>.<\/p>\n\n\n\n<hr class=\"wp-block-separator has-text-color has-alpha-channel-opacity has-background is-style-wide\" style=\"background-color:#101aed;color:#101aed\"\/>\n\n\n\n<div class=\"wp-block-media-text is-stacked-on-mobile is-vertically-aligned-center\" style=\"grid-template-columns:37% auto\"><figure class=\"wp-block-media-text__media\"><img loading=\"lazy\" decoding=\"async\" width=\"1024\" height=\"1024\" src=\"https:\/\/www-2021.scienzenutrizione.uniroma2.it\/wp-content\/uploads\/2024\/08\/GNPB-1024x1024.jpg\" alt=\"\" class=\"wp-image-3785 size-full\" srcset=\"https:\/\/www-2021.scienzenutrizione.uniroma2.it\/wp-content\/uploads\/2024\/08\/GNPB-1024x1024.jpg 1024w, https:\/\/www-2021.scienzenutrizione.uniroma2.it\/wp-content\/uploads\/2024\/08\/GNPB-300x300.jpg 300w, https:\/\/www-2021.scienzenutrizione.uniroma2.it\/wp-content\/uploads\/2024\/08\/GNPB-150x150.jpg 150w, https:\/\/www-2021.scienzenutrizione.uniroma2.it\/wp-content\/uploads\/2024\/08\/GNPB-768x768.jpg 768w, https:\/\/www-2021.scienzenutrizione.uniroma2.it\/wp-content\/uploads\/2024\/08\/GNPB-230x230.jpg 230w, https:\/\/www-2021.scienzenutrizione.uniroma2.it\/wp-content\/uploads\/2024\/08\/GNPB-365x365.jpg 365w, https:\/\/www-2021.scienzenutrizione.uniroma2.it\/wp-content\/uploads\/2024\/08\/GNPB.jpg 1080w\" sizes=\"auto, (max-width: 1024px) 100vw, 1024px\" \/><\/figure><div class=\"wp-block-media-text__content\">\n<p class=\"has-text-align-center has-vivid-red-color has-text-color has-medium-font-size\"><strong>GIORNATA NAZIONALE DEL <br>BIOLOGO PROFESSIONISTA<\/strong><mark style=\"background-color:rgba(0, 0, 0, 0)\" class=\"has-inline-color has-vivid-red-color\"><br><strong style=\"background-color: rgba(0, 0, 0, 0);\">X edizione<\/strong><\/mark><br><mark style=\"background-color:rgba(0, 0, 0, 0)\" class=\"has-inline-color has-vivid-red-color\"><strong>28-29 settembre 2024<\/strong><br><\/mark><\/p>\n\n\n\n<p>L\u2019ENPAB organizza il consueto appuntamento in 16 piazze italiane, che permette agli iscritti di rendere un servizio sociale importante sul territorio di riferimento, allo scopo di favorire la prevenzione primaria e di educare il cittadino ad un corretto stile di vita e ad un comportamento sostenibile.<br><br>Compilare il form disponibile al seguente&nbsp;<a rel=\"noreferrer noopener\" href=\"https:\/\/www-2021.scienzenutrizione.uniroma2.it\/wp-content\/uploads\/2024\/08\/modulo_gnbp_2024.docx\" target=\"_blank\"><mark style=\"background-color:rgba(0, 0, 0, 0);color:#0a18e4\" class=\"has-inline-color\"><strong>link<\/strong> <\/mark><\/a>ed inviarlo a<strong> <a href=\"mailto:gnbp@enpab.it\"><mark style=\"background-color:rgba(0, 0, 0, 0);color:#0a18e4\" class=\"has-inline-color\">gnbp@enpab.i<\/mark><\/a><\/strong><a href=\"mailto:gnbp@enpab.it\"><mark style=\"background-color:rgba(0, 0, 0, 0);color:#0a18e4\" class=\"has-inline-color\">t<\/mark><\/a> La selezione avverr\u00e0 in ordine cronologico rispetto all\u2019arrivo della richiesta.<\/p>\n<\/div><\/div>\n\n\n\n<hr class=\"wp-block-separator has-text-color has-alpha-channel-opacity has-background is-style-wide\" style=\"background-color:#101aed;color:#101aed\"\/>\n\n\n\n<div class=\"wp-block-media-text is-stacked-on-mobile is-vertically-aligned-center\" style=\"grid-template-columns:31% auto\"><figure class=\"wp-block-media-text__media\"><img loading=\"lazy\" decoding=\"async\" width=\"431\" height=\"605\" src=\"https:\/\/www-2021.scienzenutrizione.uniroma2.it\/wp-content\/uploads\/2024\/05\/locandina-workshop-CREA.jpg\" alt=\"\" class=\"wp-image-3574 size-full\" srcset=\"https:\/\/www-2021.scienzenutrizione.uniroma2.it\/wp-content\/uploads\/2024\/05\/locandina-workshop-CREA.jpg 431w, https:\/\/www-2021.scienzenutrizione.uniroma2.it\/wp-content\/uploads\/2024\/05\/locandina-workshop-CREA-214x300.jpg 214w\" sizes=\"auto, (max-width: 431px) 100vw, 431px\" \/><\/figure><div class=\"wp-block-media-text__content\">\n<p class=\"has-text-align-center has-medium-font-size\"><strong><mark style=\"background-color:rgba(0, 0, 0, 0)\" class=\"has-inline-color has-vivid-red-color\">Biodiversity and dietary diversity in sustainable agri-food systems: <\/mark><\/strong><br><strong><mark style=\"background-color:rgba(0, 0, 0, 0)\" class=\"has-inline-color has-vivid-red-color\">data availability in Italy and at the international level<\/mark><\/strong><br><br><mark style=\"background-color:rgba(0, 0, 0, 0)\" class=\"has-inline-color has-black-color\"><strong>Online workshop<\/strong><br><strong>8 maggio 2024 11:00 AM- 1:00 PM<\/strong><\/mark><mark style=\"background-color:rgba(0, 0, 0, 0)\" class=\"has-inline-color has-vivid-red-color\"><br><\/mark><\/p>\n\n\n\n<p style=\"font-size:16px\">Mercoled\u00ec 8 maggio 2024 si svolger\u00e0 un evento organizzato dal CREA (Centro di Ricerca Alimenti e Nutrizione) in collaborazione con la FAO (Organizzazione delle Nazioni Unite per l&#8217;alimentazione e l&#8217;agricoltura).<br><br>Programma disponibile al seguente <a href=\"https:\/\/www-2021.scienzenutrizione.uniroma2.it\/wp-content\/uploads\/2024\/05\/Workshop-CREA-AN-FAO.pdf\" target=\"_blank\" rel=\"noreferrer noopener\"><mark style=\"background-color:rgba(0, 0, 0, 0);color:#0a18e4\" class=\"has-inline-color\">link<\/mark><\/a>.<br>Per iscriversi all&#8217;evento su Zoom seguire il seguente <a rel=\"noreferrer noopener\" href=\"https:\/\/fao.zoom.us\/meeting\/register\/tJwqdO6rqDMuH9wffEl8Fuo0afXjG2K-5sK9.\" target=\"_blank\"><mark style=\"background-color:rgba(0, 0, 0, 0);color:#0a18e4\" class=\"has-inline-color\">link<\/mark><\/a>.<\/p>\n<\/div><\/div>\n\n\n\n<hr class=\"wp-block-separator has-text-color has-alpha-channel-opacity has-background is-style-wide\" style=\"background-color:#101aed;color:#101aed\"\/>\n\n\n\n<div class=\"wp-block-media-text is-stacked-on-mobile is-vertically-aligned-center\" style=\"grid-template-columns:30% auto\"><figure class=\"wp-block-media-text__media\"><img loading=\"lazy\" decoding=\"async\" width=\"815\" height=\"816\" src=\"https:\/\/www-2021.scienzenutrizione.uniroma2.it\/wp-content\/uploads\/2024\/05\/Senza-titolo-1.jpg\" alt=\"\" class=\"wp-image-3568 size-full\" srcset=\"https:\/\/www-2021.scienzenutrizione.uniroma2.it\/wp-content\/uploads\/2024\/05\/Senza-titolo-1.jpg 815w, https:\/\/www-2021.scienzenutrizione.uniroma2.it\/wp-content\/uploads\/2024\/05\/Senza-titolo-1-300x300.jpg 300w, https:\/\/www-2021.scienzenutrizione.uniroma2.it\/wp-content\/uploads\/2024\/05\/Senza-titolo-1-150x150.jpg 150w, https:\/\/www-2021.scienzenutrizione.uniroma2.it\/wp-content\/uploads\/2024\/05\/Senza-titolo-1-768x769.jpg 768w, https:\/\/www-2021.scienzenutrizione.uniroma2.it\/wp-content\/uploads\/2024\/05\/Senza-titolo-1-230x230.jpg 230w, https:\/\/www-2021.scienzenutrizione.uniroma2.it\/wp-content\/uploads\/2024\/05\/Senza-titolo-1-365x365.jpg 365w\" sizes=\"auto, (max-width: 815px) 100vw, 815px\" \/><\/figure><div class=\"wp-block-media-text__content\">\n<p class=\"has-text-align-center has-medium-font-size\"><mark style=\"background-color:rgba(0, 0, 0, 0)\" class=\"has-inline-color has-vivid-red-color\"><strong>Previdenza Tour <\/strong><br><strong>Il Biologo per l&#8217;anziano fragile<\/strong><\/mark><br><mark style=\"background-color:rgba(0, 0, 0, 0)\" class=\"has-inline-color has-vivid-red-color\"><strong>Napoli &#8211; 10 maggio 2024<\/strong><br><\/mark><\/p>\n\n\n\n<p style=\"font-size:16px\">I Previdenza Tour Enpab sono un\u2019occasione di aggiornamento sugli argomenti del lavoro e della cultura previdenziale. <br>L&#8217;appuntamento di Napoli ha la finalit\u00e0 di descrivere tutte le possibilit\u00e0 che il Biologo pu\u00f2 trovare nel campo della salute dell&#8217;anziano (fornire interventi nutrizionali mirati, valutare lo stato di malnutrizione e di disidratazione, interpretare e ascoltare i bisogni nutrizionali ed eventuali interazioni farmaco\/alimento).<br>Verranno approfonditi anche i temi legati alla tutela dei professionisti attraverso il welfare integrato, le novit\u00e0 fiscali e il mondo della Silver Economy. <br>Il programma completo \u00e8 visibile al seguente <a href=\"https:\/\/www-2021.scienzenutrizione.uniroma2.it\/wp-content\/uploads\/2024\/05\/Previdenza-Tour-2024.pdf\" target=\"_blank\" rel=\"noreferrer noopener\"><mark style=\"background-color:rgba(0, 0, 0, 0);color:#0a18e4\" class=\"has-inline-color\">link<\/mark><\/a>.<\/p>\n<\/div><\/div>\n\n\n\n<hr class=\"wp-block-separator has-text-color has-alpha-channel-opacity has-background is-style-wide\" style=\"background-color:#101aed;color:#101aed\"\/>\n\n\n\n<h1 class=\"wp-block-heading alignwide has-text-align-center has-medium-font-size\"><strong><mark style=\"background-color:rgba(0, 0, 0, 0)\" class=\"has-inline-color has-vivid-red-color\">Ricerca Responsabile Qualit\u00e0<\/mark><\/strong><\/h1>\n\n\n\n<div style=\"height:14px\" aria-hidden=\"true\" class=\"wp-block-spacer\"><\/div>\n\n\n\n<div class=\"wp-block-media-text is-stacked-on-mobile\" style=\"grid-template-columns:27% auto\"><figure class=\"wp-block-media-text__media\"><img loading=\"lazy\" decoding=\"async\" width=\"528\" height=\"580\" src=\"https:\/\/www-2021.scienzenutrizione.uniroma2.it\/wp-content\/uploads\/2024\/04\/logo-1.jpg\" alt=\"\" class=\"wp-image-3446 size-large\" srcset=\"https:\/\/www-2021.scienzenutrizione.uniroma2.it\/wp-content\/uploads\/2024\/04\/logo-1.jpg 528w, https:\/\/www-2021.scienzenutrizione.uniroma2.it\/wp-content\/uploads\/2024\/04\/logo-1-273x300.jpg 273w\" sizes=\"auto, (max-width: 528px) 100vw, 528px\" \/><\/figure><div class=\"wp-block-media-text__content\">\n<p>Ricerchiamo una neolaureata\/neolaureato con Laura magistrale in Scienze e tecniche dell&#8217;alimentazione o corsi accademici similari .<\/p>\n\n\n\n<p>La figura andr\u00e0 a ricoprire il ruolo di responsabile dell&#8217;ufficio qualit\u00e0 nella sede del nostro stabilimento di trasformazione sito in San Cesareo &nbsp;(Roma sud) .<\/p>\n\n\n\n<p>La figura selezionata inizier\u00e0 con contratto a tempo determinato (da 12 a 24 mesi)  e seguir\u00e0 un periodo di formazione per essere inserita con il ruolo descritto .<\/p>\n\n\n\n<p><strong>Scadenza candidatura:<\/strong> 22 Maggio 2024<\/p>\n\n\n\n<p>Informazioni per la candidatura al seguente <a href=\"https:\/\/uniroma2.jobteaser.com\/it\/job-offers\/771a6587-3d10-4492-9e65-d3322ec2e90d-consorzio-di-treviso-responsabile-qualita\" target=\"_blank\" rel=\"noreferrer noopener\"><mark style=\"background-color:rgba(0, 0, 0, 0);color:#0a18e4\" class=\"has-inline-color\">link<\/mark><\/a>.<\/p>\n<\/div><\/div>\n\n\n\n<hr class=\"wp-block-separator has-text-color has-alpha-channel-opacity has-background is-style-wide\" style=\"background-color:#1224ed;color:#1224ed\"\/>\n\n\n\n<div class=\"wp-block-media-text is-stacked-on-mobile is-vertically-aligned-center\" style=\"grid-template-columns:30% auto\"><figure class=\"wp-block-media-text__media\"><img loading=\"lazy\" decoding=\"async\" width=\"224\" height=\"221\" src=\"https:\/\/www-2021.scienzenutrizione.uniroma2.it\/wp-content\/uploads\/2024\/04\/EVENTO-ENPAB.jpg\" alt=\"\" class=\"wp-image-3415 size-full\"\/><\/figure><div class=\"wp-block-media-text__content\">\n<p class=\"has-text-align-center has-medium-font-size\"><mark style=\"background-color:rgba(0, 0, 0, 0)\" class=\"has-inline-color has-vivid-red-color\"><strong>III Congresso Nazionale Enpab <\/strong><br><strong>14 e 15 giugno <\/strong><br><strong>Roma &#8211; Auditorium della Conciliazione&nbsp;<\/strong><\/mark><\/p>\n\n\n\n<p style=\"font-size:16px\">Oltre la Previdenza, l\u2019evento avr\u00e0 come tema centrale la Salute e verter\u00e0 sul valore della figura professionale del biologo nella tutela della vita in ogni sua forma.<br>Verranno affrontate diverse tematiche riguardanti l\u2019aspetto evolutivo dell\u2019uomo e dell\u2019ambiente che lo circonda, con un focus sul futuro in termini di sostenibilit\u00e0 ambientale, alimentare e sociale.<br>Il Congresso Nazionale \u00e8 pensato come un&#8217;importante occasione di incontro tra l\u2019Ente e i propri iscritti, con l\u2019obiettivo di individuare nuovi strumenti di Welfare attivo e soluzioni condivise per fronteggiare le sfide future e immaginare \u201cla professione che verr\u00e0\u201d.<br>Il programma completo \u00e8 visibile al seguente <a href=\"https:\/\/www.enpab.it\/images\/2024\/FILE\/Programma_Definitivo.pdf\" target=\"_blank\" rel=\"noreferrer noopener\"><mark style=\"background-color:rgba(0, 0, 0, 0);color:#0a18e4\" class=\"has-inline-color\">link<\/mark><\/a>.<\/p>\n<\/div><\/div>\n\n\n\n<p class=\"has-text-align-left\" style=\"font-size:16px\">L&#8217;evento rappresenta anche un\u2019opportunit\u00e0 ai fini dell\u2019<strong>orientamento al lavoro post-lauream<\/strong> e per un primo approccio alla cultura previdenziale.<br>Per questo motivo, l&#8217;ENPAB ha riservato dei posti a <strong>massimo 30 studenti dell\u2019ultimo anno di SNU<\/strong>.<\/p>\n\n\n\n<p style=\"font-size:16px\">Si prega di inviare la lista degli studenti interessati a partecipare (completa di nome, cognome, recapito telefonico ed indirizzo email) a <a href=\"mailto:sc.nutrizioneumana@med.uniroma2.it\"><mark style=\"background-color:rgba(0, 0, 0, 0);color:#0a18e4\" class=\"has-inline-color\">sc.nutrizioneumana@med.uniroma2.it<\/mark><\/a> entro e non oltre il <strong>giorno 13 maggio<\/strong>.<br>Gli stessi studenti potranno iscriversi all\u2019evento autonomamente tramite il seguente <a href=\"https:\/\/iscrizioni.akesios.it\/Login.asp?IDcommessa=III%20CONGRESSO%20NAZIONALE%20ENPAB&amp;Lang=IT\" target=\"_blank\" rel=\"noreferrer noopener\"><mark style=\"background-color:rgba(0, 0, 0, 0);color:#0a18e4\" class=\"has-inline-color\">link<\/mark><\/a>.<\/p>\n\n\n\n<hr class=\"wp-block-separator has-text-color has-alpha-channel-opacity has-background is-style-wide\" style=\"background-color:#101aed;color:#101aed\"\/>\n\n\n\n<div class=\"wp-block-media-text alignwide is-stacked-on-mobile\" style=\"grid-template-columns:34% auto\"><figure class=\"wp-block-media-text__media\"><img loading=\"lazy\" decoding=\"async\" width=\"1024\" height=\"760\" src=\"https:\/\/www-2021.scienzenutrizione.uniroma2.it\/wp-content\/uploads\/2024\/04\/evento-ruggeri-23-aprile-1024x760.jpeg\" alt=\"\" class=\"wp-image-3388 size-full\" srcset=\"https:\/\/www-2021.scienzenutrizione.uniroma2.it\/wp-content\/uploads\/2024\/04\/evento-ruggeri-23-aprile-1024x760.jpeg 1024w, https:\/\/www-2021.scienzenutrizione.uniroma2.it\/wp-content\/uploads\/2024\/04\/evento-ruggeri-23-aprile-300x223.jpeg 300w, https:\/\/www-2021.scienzenutrizione.uniroma2.it\/wp-content\/uploads\/2024\/04\/evento-ruggeri-23-aprile-768x570.jpeg 768w, https:\/\/www-2021.scienzenutrizione.uniroma2.it\/wp-content\/uploads\/2024\/04\/evento-ruggeri-23-aprile.jpeg 1278w\" sizes=\"auto, (max-width: 1024px) 100vw, 1024px\" \/><\/figure><div class=\"wp-block-media-text__content\">\n<p class=\"has-text-align-center has-medium-font-size\"><strong>GIORNATA NAZIONALE <mark style=\"background-color:rgba(0, 0, 0, 0)\" class=\"has-inline-color has-vivid-green-cyan-color\">MADE <\/mark>in <mark style=\"background-color:rgba(0, 0, 0, 0)\" class=\"has-inline-color has-vivid-red-color\">ITALY<\/mark><\/strong><\/p>\n\n\n\n<p><strong>Marted\u00ec 23 aprile 2024 ore 9.30<\/strong> si terr\u00e0 nella Sala Pininfarina -Confindustria &#8211; Viale dell&#8217;Astronomia  30, Roma l&#8217;evento<\/p>\n\n\n\n<p class=\"has-text-align-center\"><strong>ITALIAN FOOD DESIGN:<\/strong><br><strong>CIBO, PERSONE, SCIENZA E CREATIVIT\u00c0<\/strong><br><strong>PER IL MADE IN ITALY<\/strong><\/p>\n\n\n\n<p>Il programma dell&#8217;evento \u00e8 scaricabile al seguente <a href=\"https:\/\/www-2021.scienzenutrizione.uniroma2.it\/wp-content\/uploads\/2024\/04\/Programma-23-aprile-2024.pdf\" target=\"_blank\" rel=\"noreferrer noopener\"><mark style=\"background-color:rgba(0, 0, 0, 0);color:#0a18e4\" class=\"has-inline-color\">link<\/mark><\/a>.<br>Sar\u00e0 possibile seguire  in diretta streaming al seguente <a href=\"http:\/\/youtube.com\/channel\/UChdPq6Y5-8lfTy2Vjc2cp0w\" target=\"_blank\" rel=\"noreferrer noopener\"><mark style=\"background-color:rgba(0, 0, 0, 0);color:#0a18e4\" class=\"has-inline-color\">link<\/mark><\/a>.<br>Per accreditarsi scrivere a <mark style=\"background-color:rgba(0, 0, 0, 0);color:#0a18e4\" class=\"has-inline-color\">clusteragrifood@gmail.com<\/mark> entro il 19 aprile  2024<\/p>\n<\/div><\/div>\n\n\n\n<hr class=\"wp-block-separator has-text-color has-alpha-channel-opacity has-background is-style-wide\" style=\"background-color:#101aed;color:#101aed\"\/>\n\n\n\n<div class=\"wp-block-media-text alignwide is-stacked-on-mobile\" style=\"grid-template-columns:32% auto\"><figure class=\"wp-block-media-text__media\"><img loading=\"lazy\" decoding=\"async\" width=\"724\" height=\"1024\" src=\"https:\/\/www-2021.scienzenutrizione.uniroma2.it\/wp-content\/uploads\/2024\/02\/locandina-Open-Day--724x1024.jpeg\" alt=\"\" class=\"wp-image-3266 size-full\" srcset=\"https:\/\/www-2021.scienzenutrizione.uniroma2.it\/wp-content\/uploads\/2024\/02\/locandina-Open-Day--724x1024.jpeg 724w, https:\/\/www-2021.scienzenutrizione.uniroma2.it\/wp-content\/uploads\/2024\/02\/locandina-Open-Day--212x300.jpeg 212w, https:\/\/www-2021.scienzenutrizione.uniroma2.it\/wp-content\/uploads\/2024\/02\/locandina-Open-Day--768x1086.jpeg 768w, https:\/\/www-2021.scienzenutrizione.uniroma2.it\/wp-content\/uploads\/2024\/02\/locandina-Open-Day--1086x1536.jpeg 1086w, https:\/\/www-2021.scienzenutrizione.uniroma2.it\/wp-content\/uploads\/2024\/02\/locandina-Open-Day-.jpeg 1131w\" sizes=\"auto, (max-width: 724px) 100vw, 724px\" \/><\/figure><div class=\"wp-block-media-text__content\">\n<p>L&#8217;<strong>Associazione Nutrizionisti senza Frontiere ODV<\/strong> organizza un open day per far conoscere l&#8217;associazione e i suoi progetti, attraverso un seminario dedicato alla nutrizione pediatrica.&nbsp;L&#8217;open day si svolger\u00e0 <strong>sabato 9 marzo alle ore 10.30 presso l&#8217;aula 1B5<\/strong> della Facolt\u00e0 di Medicina e Chirurgia dell&#8217;Universit\u00e0 di&nbsp;Roma Tor Vergata.<\/p>\n\n\n\n<p>L&#8217;Associazione Nutrizionisti senza Frontiere ODV opera nel campo dell&#8217;alimentazione e della nutrizione nel mondo e gli ambiti di intervento sono la lotta alla malnutrizione infantile e la promozione del diritto alla nutrizione.<\/p>\n\n\n\n<p>In Guatemala fornisce supporto a bambini che soffrono di malnutrizione e alle loro famiglie, con interventi di riabilitazione e prevenzione. <br>In Africa sostiene organizzazioni partner per garantire ai pi\u00f9 piccoli l\u2019accesso al cibo e&nbsp;un\u2019alimentazione equilibrata, ma anche l&#8217;attuazione di protocolli riabilitativi per bambini in condizioni di denutrizione.<br>In Italia promuove l\u2019importanza della buona alimentazione attraverso eventi di sensibilizzazione e percorsi di educazione tanto nelle scuole primarie, quanto in contesti pi\u00f9 allargati rivolti a tutta la cittadinanza.<\/p>\n<\/div><\/div>\n\n\n\n<hr class=\"wp-block-separator has-text-color has-alpha-channel-opacity has-background is-style-wide\" style=\"background-color:#1224ed;color:#1224ed\"\/>\n\n\n\n<p class=\"has-text-align-center has-vivid-red-color has-text-color has-large-font-size\">Science Christmas<\/p>\n\n\n\n<p class=\"has-text-align-center has-vivid-red-color has-text-color has-large-font-size\">Lecture 2023<\/p>\n\n\n\n<div style=\"height:27px\" aria-hidden=\"true\" class=\"wp-block-spacer\"><\/div>\n\n\n<div class=\"wp-block-image\">\n<figure class=\"aligncenter size-full is-resized\"><img loading=\"lazy\" decoding=\"async\" width=\"623\" height=\"231\" src=\"https:\/\/www-2021.scienzenutrizione.uniroma2.it\/wp-content\/uploads\/2023\/12\/christmas-lecture-figura-2.jpg\" alt=\"\" class=\"wp-image-3171\" style=\"width:664px;height:246px\" srcset=\"https:\/\/www-2021.scienzenutrizione.uniroma2.it\/wp-content\/uploads\/2023\/12\/christmas-lecture-figura-2.jpg 623w, https:\/\/www-2021.scienzenutrizione.uniroma2.it\/wp-content\/uploads\/2023\/12\/christmas-lecture-figura-2-300x111.jpg 300w\" sizes=\"auto, (max-width: 623px) 100vw, 623px\" \/><\/figure>\n<\/div>\n\n\n<p class=\"has-medium-font-size\">La  Macroarea di Scienze MM.FF.NN. ha organizzato La &#8220;Science Christmas Lecture 2023&#8221; che si terr\u00e0 marted\u00ec 19 dicembre 2023, ore 14.00 in aula Gismondi:<\/p>\n\n\n\n<p class=\"has-text-align-center has-text-color has-medium-font-size\" style=\"color:#c91414\"><strong>Agricoltura cellulare e design alimentare del futuro<\/strong><br>Vincenzo Fogliaro<br><em>Food Quality &amp; Designi &#8211; Wageningen University, The Netherlands<\/em><\/p>\n\n\n\n<p class=\"has-medium-font-size\"><br>Tutti gli studenti sono invitati a partecipare.<br>Locandina disponibile al seguente <a rel=\"noreferrer noopener\" href=\"https:\/\/www-2021.scienzenutrizione.uniroma2.it\/wp-content\/uploads\/2023\/12\/ChristmasLecture_2023_flyer.pdf\" target=\"_blank\"><mark style=\"background-color:rgba(0, 0, 0, 0);color:#0a18e4\" class=\"has-inline-color\">link<\/mark><\/a>.<\/p>\n\n\n\n<hr class=\"wp-block-separator has-text-color has-alpha-channel-opacity has-background is-style-wide\" style=\"background-color:#1224ed;color:#1224ed\"\/>\n\n\n\n<div style=\"height:18px\" aria-hidden=\"true\" class=\"wp-block-spacer\"><\/div>\n\n\n\n<p class=\"has-text-align-center has-vivid-red-color has-text-color has-large-font-size\">Winter School Food Systems <\/p>\n\n\n\n<p class=\"has-text-align-center has-vivid-red-color has-text-color has-large-font-size\">in the anthropocene<\/p>\n\n\n\n<p class=\"has-text-align-center has-vivid-red-color has-text-color has-medium-font-size\">13-16 dicembre 2023<\/p>\n\n\n\n<div style=\"height:27px\" aria-hidden=\"true\" class=\"wp-block-spacer\"><\/div>\n\n\n\n<div class=\"wp-block-media-text is-stacked-on-mobile is-vertically-aligned-center\" style=\"grid-template-columns:28% auto\"><figure class=\"wp-block-media-text__media\"><img loading=\"lazy\" decoding=\"async\" width=\"709\" height=\"1024\" src=\"https:\/\/www-2021.scienzenutrizione.uniroma2.it\/wp-content\/uploads\/2023\/11\/locandina-709x1024.jpg\" alt=\"\" class=\"wp-image-3156 size-full\" srcset=\"https:\/\/www-2021.scienzenutrizione.uniroma2.it\/wp-content\/uploads\/2023\/11\/locandina-709x1024.jpg 709w, https:\/\/www-2021.scienzenutrizione.uniroma2.it\/wp-content\/uploads\/2023\/11\/locandina-208x300.jpg 208w, https:\/\/www-2021.scienzenutrizione.uniroma2.it\/wp-content\/uploads\/2023\/11\/locandina.jpg 720w\" sizes=\"auto, (max-width: 709px) 100vw, 709px\" \/><\/figure><div class=\"wp-block-media-text__content\">\n<p style=\"font-size:18px\">Il corso residenziale di 4 giorni dal titolo \u201c Food Systems in the Anthropocene&#8221; si terr\u00e0 nei giorni <strong>13-16 dicembre<\/strong>&nbsp;presso il CEUB di Bertinoro (FC) e online.<br><br>L\u2019evento si focalizzer\u00e0 sui temi del cibo e dell\u2019alimentazione, analizzando i processi produttivi, gli impatti sulla salute dell\u2019ambiente, dell\u2019uomo e degli animali e le prospettive future sul tema in un\u2019ottica One-Health.<\/p>\n\n\n\n<p style=\"font-size:18px\">L&#8217;evento \u00e8 rivolto a professionisti afferenti a diverse discipline, con l\u2019obiettivo di favorire la collaborazione interdisciplinare e rinforzare il background multidisciplinare necessario ad affrontare questo tipo di tematiche.<\/p>\n<\/div><\/div>\n\n\n\n<p style=\"font-size:18px\">Programma ed ulteriori informazioni disponibili al seguente <a href=\"https:\/\/www-2021.scienzenutrizione.uniroma2.it\/wp-content\/uploads\/2023\/11\/Winter-School-Food-systems-in-the-anthropocene.pdf\" target=\"_blank\" rel=\"noreferrer noopener\"><mark style=\"background-color:rgba(0, 0, 0, 0);color:#0a18e4\" class=\"has-inline-color\">link<\/mark><\/a>.<\/p>\n\n\n\n<hr class=\"wp-block-separator has-text-color has-alpha-channel-opacity has-background is-style-wide\" style=\"background-color:#1224ed;color:#1224ed\"\/>\n\n\n\n<h2 class=\"wp-block-heading alignwide has-text-align-center has-black-color has-text-color has-large-font-size\"><strong><mark style=\"background-color:rgba(0, 0, 0, 0)\" class=\"has-inline-color has-black-color\">Giornata della nutrizione<\/mark><\/strong><\/h2>\n\n\n\n<div style=\"height:18px\" aria-hidden=\"true\" class=\"wp-block-spacer\"><\/div>\n\n\n\n<p class=\"has-text-align-center has-vivid-red-color has-text-color has-large-font-size\"><strong><mark style=\"background-color:rgba(0, 0, 0, 0)\" class=\"has-inline-color has-vivid-red-color\">Nutrinformarsi <\/mark><\/strong><\/p>\n\n\n\n<p class=\"has-text-align-center has-vivid-red-color has-text-color\" style=\"font-size:30px\"><em><strong>Comprendere i consumi alimentari degli italiani<\/strong><\/em><\/p>\n\n\n\n<div style=\"height:27px\" aria-hidden=\"true\" class=\"wp-block-spacer\"><\/div>\n\n\n\n<div class=\"wp-block-media-text is-stacked-on-mobile is-vertically-aligned-top\" style=\"grid-template-columns:36% auto\"><figure class=\"wp-block-media-text__media\"><img loading=\"lazy\" decoding=\"async\" width=\"591\" height=\"378\" src=\"https:\/\/www-2021.scienzenutrizione.uniroma2.it\/wp-content\/uploads\/2023\/11\/Presentazione-standard1-1.jpg\" alt=\"\" class=\"wp-image-3130 size-full\" srcset=\"https:\/\/www-2021.scienzenutrizione.uniroma2.it\/wp-content\/uploads\/2023\/11\/Presentazione-standard1-1.jpg 591w, https:\/\/www-2021.scienzenutrizione.uniroma2.it\/wp-content\/uploads\/2023\/11\/Presentazione-standard1-1-300x192.jpg 300w\" sizes=\"auto, (max-width: 591px) 100vw, 591px\" \/><\/figure><div class=\"wp-block-media-text__content\">\n<p style=\"font-size:18px\">La 6\u1d43&nbsp;edizione della Giornata della Nutrizione si svolger\u00e0 <strong>mercoled\u00ec 15 novembre 2023<\/strong> dalle ore 9.30 alle ore 13.30, in modalit\u00e0 mista, presso il CREA &#8211; Centro di Ricerca Alimenti e Nutrizione, Via Ardeatina, 546 &#8211; Roma.<\/p>\n\n\n\n<p style=\"font-size:18px\">Il convegno sar\u00e0 dedicato alla comprensione dei consumi alimentari, dalla metodologia dell\u2019indagine alla conversazione intorno ai dati ottenuti, partendo da quali sono gli aspetti che determinano le scelte, fino ad arrivare alle ricadute pratiche per gli specialisti di settori diversi. &nbsp;<\/p>\n\n\n\n<p style=\"font-size:18px\"><\/p>\n<\/div><\/div>\n\n\n\n<p style=\"font-size:18px\">Locandina disponibile al seguente <a rel=\"noreferrer noopener\" href=\"https:\/\/www-2021.scienzenutrizione.uniroma2.it\/wp-content\/uploads\/2023\/11\/Programma-GDN-2023.pdf\" target=\"_blank\"><mark style=\"background-color:rgba(0, 0, 0, 0);color:#0a18e4\" class=\"has-inline-color\">link<\/mark><\/a>.<\/p>\n\n\n\n<p style=\"font-size:18px\">La partecipazione all\u2019evento in presenza \u00e8 gratuita, fino ad esaurimento dei posti disponibili, ed \u00e8 necessaria l\u2019iscrizione scrivendo a&nbsp;<a rel=\"noreferrer noopener\" href=\"mailto:giornatadellanutrizione@gmail.com\" target=\"_blank\"><mark style=\"background-color:rgba(0, 0, 0, 0);color:#0a18e4\" class=\"has-inline-color\">giornatadellanutrizione@gmail.com<\/mark><\/a><\/p>\n\n\n\n<p style=\"font-size:18px\">Per tutti gli altri sar\u00e0 possibile seguire in streaming l&#8217;evento, <mark style=\"background-color:rgba(0, 0, 0, 0)\" class=\"has-inline-color has-black-color\">collegandosi&nbsp;al <\/mark><a rel=\"noreferrer noopener\" href=\"http:\/\/eur04.safelinks.protection.outlook.com\/?url=https%3A%2F%2Fwww.youtube.com%2Fc%2FCREARicercadavedere&amp;data=05|01|francesco.martiri%40crea.gov.it|b2278a0bb5c042fdc85508dab29fd85e|d59c04b9bde247f7b1b80be26a568618|0|0|638018696906649408|Unknown|TWFpbGZsb3d8eyJWIjoiMC4wLjAwMDAiLCJQIjoiV2luMzIiLCJBTiI6Ik1haWwiLCJXVCI6Mn0%3D|3000|||&amp;sdata=1Y2D34eZUB25xr%2FYy%2BqcHW%2Bg651Sh2RYWGJ%2BdyJPMZU%3D&amp;reserved=0\" target=\"_blank\"><mark style=\"background-color:rgba(0, 0, 0, 0);color:#0a18e4\" class=\"has-inline-color\">canale YouTube del CREA<\/mark><\/a>.<\/p>\n\n\n\n<p style=\"font-size:18px\">Verr\u00e0 rilasciato un attestato di partecipazione a chi ne far\u00e0 richiesta.<\/p>\n\n\n\n<hr class=\"wp-block-separator has-text-color has-alpha-channel-opacity has-background is-style-wide\" style=\"background-color:#1224ed;color:#1224ed\"\/>\n\n\n\n<h2 class=\"wp-block-heading has-text-align-center has-vivid-red-color has-text-color has-medium-font-size\" style=\"font-style:normal;font-weight:700\"><mark style=\"background-color:rgba(0, 0, 0, 0)\" class=\"has-inline-color has-vivid-red-color\">We-food Academy<\/mark><\/h2>\n\n\n\n<h2 class=\"wp-block-heading has-text-align-center has-vivid-red-color has-text-color has-medium-font-size\" style=\"font-style:normal;font-weight:700\">Alla scoperta delle &#8220;fabbriche del gusto&#8221;<\/h2>\n\n\n\n<div class=\"wp-block-group\"><div class=\"wp-block-group__inner-container is-layout-constrained wp-block-group-is-layout-constrained\">\n<div class=\"wp-block-group\"><div class=\"wp-block-group__inner-container is-layout-constrained wp-block-group-is-layout-constrained\">\n<p class=\"has-text-align-center has-medium-font-size\"><strong>27-29 ottobre 2023<\/strong><\/p>\n<\/div><\/div>\n<\/div><\/div>\n\n\n<div class=\"wp-block-image\">\n<figure class=\"aligncenter size-large is-resized\"><img loading=\"lazy\" decoding=\"async\" width=\"1024\" height=\"339\" src=\"https:\/\/www-2021.scienzenutrizione.uniroma2.it\/wp-content\/uploads\/2023\/09\/20221201_header-1-1-1024x339.png\" alt=\"\" class=\"wp-image-3070\" style=\"width:674px;height:223px\" srcset=\"https:\/\/www-2021.scienzenutrizione.uniroma2.it\/wp-content\/uploads\/2023\/09\/20221201_header-1-1-1024x339.png 1024w, https:\/\/www-2021.scienzenutrizione.uniroma2.it\/wp-content\/uploads\/2023\/09\/20221201_header-1-1-300x99.png 300w, https:\/\/www-2021.scienzenutrizione.uniroma2.it\/wp-content\/uploads\/2023\/09\/20221201_header-1-1-768x254.png 768w, https:\/\/www-2021.scienzenutrizione.uniroma2.it\/wp-content\/uploads\/2023\/09\/20221201_header-1-1-1536x508.png 1536w, https:\/\/www-2021.scienzenutrizione.uniroma2.it\/wp-content\/uploads\/2023\/09\/20221201_header-1-1.png 2001w\" sizes=\"auto, (max-width: 1024px) 100vw, 1024px\" \/><\/figure>\n<\/div>\n\n\n<p class=\"has-medium-font-size\">Sono aperte le selezioni&nbsp;per le borse di soggiorno per partecipare al progetto <strong>Academy &#8211; edizione autunnale 2023<\/strong> di <strong>WeFood | Tour alla scoperta delle Fabbriche del Gusto<\/strong>,&nbsp;in programma <strong>da venerd\u00ec 27 a domenica 29 ottobre 2023<\/strong>. <\/p>\n\n\n\n<p class=\"has-medium-font-size\">La <strong>WeFood Academy<\/strong> intende offrire un\u2019occasione unica di incontro, scambio e formazione, attraverso la partecipazione attiva alla manifestazione che permette agli studenti di:<br>&#8211; scoprire le <strong>eccellenze del gusto <\/strong>di un territorio che vanta eccellenze nel settore della ristorazione, del vino, del food equipment per l\u2019industria del food&amp;wine, dei prodotti tipici;<br>&#8211; partecipare alle <strong>visite guidate in azienda,<\/strong> con laboratori, presentazioni, incontri con gli imprenditori;<br>&#8211; scoprire e approfondire dei veri e propri <strong>casi aziendali di studio,<\/strong> che verranno discussi con gli imprenditori, i manager e i professionisti del settore.<\/p>\n\n\n\n<p class=\"has-medium-font-size\">La scadenza per inviare la propria candidatura \u00e8 <strong><mark style=\"background-color:rgba(0, 0, 0, 0);color:#0b0dd2\" class=\"has-inline-color\">domenica 24 settembre 2023<\/mark><\/strong>.&nbsp;Tutte le informazioni sono disponibili al seguente <a rel=\"noreferrer noopener\" href=\"https:\/\/wefood-festival.it\/academy-il-bando\/\" target=\"_blank\"><mark style=\"background-color:rgba(0, 0, 0, 0);color:#0b0dd2\" class=\"has-inline-color\">link<\/mark><\/a>.<\/p>\n\n\n\n<hr class=\"wp-block-separator has-text-color has-alpha-channel-opacity has-background is-style-wide\" style=\"background-color:#1224ed;color:#1224ed\"\/>\n\n\n\n<p class=\"has-text-align-center has-medium-font-size\"><strong>23 settembre 2023<\/strong><br><strong><mark style=\"background-color:rgba(0, 0, 0, 0)\" class=\"has-inline-color has-vivid-red-color\">Peso, alimentazione e sport<\/mark><\/strong><\/p>\n\n\n\n<p class=\"has-medium-font-size\"><strong>Sabato 23 settembre<\/strong> (ore 9:00-18:30) presso la <strong>Sala WeSportUp Viale delle Olimpiadi 27, Roma<\/strong> si terr\u00e0 l&#8217;evento &#8220;Peso, alimentazione e sport&#8221;.<br>L\u2019iscrizione \u00e8 gratuita, ma obbligatoria con scadenza <strong>gioved\u00ec 21 settembre 2023<\/strong>. Le istruzioni per l&#8217;iscrizione si trovano in fondo alla seconda pagina del <a href=\"https:\/\/www-2021.scienzenutrizione.uniroma2.it\/wp-content\/uploads\/2023\/09\/Programma-PesoAlimentazione-e-Sport.pdf\" target=\"_blank\" rel=\"noreferrer noopener\"><mark style=\"background-color:rgba(0, 0, 0, 0);color:#0a18e4\" class=\"has-inline-color\">programma<\/mark><\/a>.<\/p>\n\n\n\n<hr class=\"wp-block-separator has-text-color has-alpha-channel-opacity has-background is-style-wide\" style=\"background-color:#0d09a9;color:#0d09a9\"\/>\n\n\n\n<p class=\"has-text-align-center has-medium-font-size\"><strong>30 settembre &#8211; 1 ottobre 2023<\/strong><br><strong><mark style=\"background-color:rgba(0, 0, 0, 0)\" class=\"has-inline-color has-vivid-red-color\">Giornata Nazionale del Biologo Professionista 2023<\/mark><\/strong><\/p>\n\n\n\n<div class=\"wp-block-media-text alignwide is-stacked-on-mobile\" style=\"grid-template-columns:40% auto\"><figure class=\"wp-block-media-text__media\"><img loading=\"lazy\" decoding=\"async\" width=\"1024\" height=\"1024\" src=\"https:\/\/www-2021.scienzenutrizione.uniroma2.it\/wp-content\/uploads\/2023\/09\/FOTO_PER_CANDIDATURE_SOCIAL-1024x1024.png\" alt=\"\" class=\"wp-image-2978 size-full\" srcset=\"https:\/\/www-2021.scienzenutrizione.uniroma2.it\/wp-content\/uploads\/2023\/09\/FOTO_PER_CANDIDATURE_SOCIAL-1024x1024.png 1024w, https:\/\/www-2021.scienzenutrizione.uniroma2.it\/wp-content\/uploads\/2023\/09\/FOTO_PER_CANDIDATURE_SOCIAL-300x300.png 300w, https:\/\/www-2021.scienzenutrizione.uniroma2.it\/wp-content\/uploads\/2023\/09\/FOTO_PER_CANDIDATURE_SOCIAL-150x150.png 150w, https:\/\/www-2021.scienzenutrizione.uniroma2.it\/wp-content\/uploads\/2023\/09\/FOTO_PER_CANDIDATURE_SOCIAL-768x768.png 768w, https:\/\/www-2021.scienzenutrizione.uniroma2.it\/wp-content\/uploads\/2023\/09\/FOTO_PER_CANDIDATURE_SOCIAL-230x230.png 230w, https:\/\/www-2021.scienzenutrizione.uniroma2.it\/wp-content\/uploads\/2023\/09\/FOTO_PER_CANDIDATURE_SOCIAL-365x365.png 365w, https:\/\/www-2021.scienzenutrizione.uniroma2.it\/wp-content\/uploads\/2023\/09\/FOTO_PER_CANDIDATURE_SOCIAL.png 1080w\" sizes=\"auto, (max-width: 1024px) 100vw, 1024px\" \/><\/figure><div class=\"wp-block-media-text__content\">\n<p class=\"has-medium-font-size\">La Giornata Nazionale del Biologo Professionista avr\u00e0 luogo in 18 citt\u00e0 italiane (Bari, Bologna, Cagliari, Catania, Cosenza, Firenze, Genova, Milano, Napoli, Padova, Palermo, Pescara, Roma, Salerno, San benedetto del Tronto, Taranto, Torino) nelle giornate di sabato 30 settembre e domenica 1 Ottobre 2023. <\/p>\n\n\n\n<p class=\"has-medium-font-size\">Possono partecipare<mark style=\"background-color:rgba(0, 0, 0, 0);color:#0a18e4\" class=\"has-inline-color\"> otto studenti<\/mark> per ognuna delle 18 piazze (a Roma, sono previste 2 piazze, per un totale di 16 studenti). <br>La lista con gli studenti che intendono partecipare (specificando piazza di interesse, indirizzo mail e numero di telefono) deve essere inviata a<mark style=\"background-color:rgba(0, 0, 0, 0);color:#0a18e4\" class=\"has-inline-color\"> <\/mark><a href=\"mailto:sc.nutrizioneumana@med.uniroma2.it\"><mark style=\"background-color:rgba(0, 0, 0, 0);color:#0a18e4\" class=\"has-inline-color\">sc.nutrizioneumana@med.uniroma2.it<\/mark><\/a>, entro <strong><mark style=\"background-color:rgba(0, 0, 0, 0);color:#0a18e4\" class=\"has-inline-color\">gioved\u00ec 21 settembre<\/mark><\/strong>. <a href=\"mailto:segreteriapresidenza@enpab.it\"><mark style=\"background-color:rgba(0, 0, 0, 0);color:#0a18e4\" class=\"has-inline-color\"> <\/mark><\/a><\/p>\n\n\n\n<p class=\"has-black-color has-text-color has-medium-font-size\"><a href=\"mailto:segreteriapresidenza@enpab.it\"><mark style=\"background-color:rgba(0, 0, 0, 0)\" class=\"has-inline-color has-black-color\">Gli studenti saranno contattati direttamene dai coordinatori di piazza.<\/mark><\/a><\/p>\n<\/div><\/div>\n\n\n\n<hr class=\"wp-block-separator has-text-color has-alpha-channel-opacity has-background is-style-wide\" style=\"background-color:#1224ed;color:#1224ed\"\/>\n\n\n\n<p class=\"has-text-align-center\" style=\"font-size:30px\"><strong><mark style=\"background-color:rgba(0, 0, 0, 0)\" class=\"has-inline-color has-vivid-red-color\"><strong>Spazio Nutrizione<\/strong><\/mark><\/strong><br> <strong>NH Congress Centre<\/strong> <strong>Assago (Milano)<\/strong><br><strong> 13-14 Ottobre 2023<\/strong><\/p>\n\n\n\n<div class=\"wp-block-media-text alignwide is-stacked-on-mobile is-vertically-aligned-center\" style=\"grid-template-columns:29% auto\"><figure class=\"wp-block-media-text__media\"><img loading=\"lazy\" decoding=\"async\" width=\"709\" height=\"1024\" src=\"https:\/\/www-2021.scienzenutrizione.uniroma2.it\/wp-content\/uploads\/2023\/09\/spazio-nutrizione-2023-709x1024.jpg\" alt=\"\" class=\"wp-image-2982 size-full\" srcset=\"https:\/\/www-2021.scienzenutrizione.uniroma2.it\/wp-content\/uploads\/2023\/09\/spazio-nutrizione-2023-709x1024.jpg 709w, https:\/\/www-2021.scienzenutrizione.uniroma2.it\/wp-content\/uploads\/2023\/09\/spazio-nutrizione-2023-208x300.jpg 208w, https:\/\/www-2021.scienzenutrizione.uniroma2.it\/wp-content\/uploads\/2023\/09\/spazio-nutrizione-2023.jpg 720w\" sizes=\"auto, (max-width: 709px) 100vw, 709px\" \/><\/figure><div class=\"wp-block-media-text__content\">\n<p class=\"has-medium-font-size\">L&#8217;ENPAB ha riservato <strong><mark style=\"background-color:rgba(0, 0, 0, 0);color:#0a18e4\" class=\"has-inline-color\">venti <\/mark><\/strong>posti agli studenti del Corso di Studio che volessero partecipare.<br><\/p>\n\n\n\n<p class=\"has-medium-font-size\">Tutte le istruzioni per l&#8217;iscrizione, sono disponibili al seguente <a rel=\"noreferrer noopener\" href=\"https:\/\/www-2021.scienzenutrizione.uniroma2.it\/wp-content\/uploads\/2023\/09\/spazio-nutrizione-2023.pdf\" target=\"_blank\"><mark style=\"background-color:rgba(0, 0, 0, 0);color:#0a18e4\" class=\"has-inline-color\">link<\/mark><\/a>.<br><br>Il programma \u00e8 disponibile al seguente <a rel=\"noreferrer noopener\" href=\"https:\/\/www.spazionutrizione.it\/il-programma\/\" target=\"_blank\"><mark style=\"background-color:rgba(0, 0, 0, 0);color:#0a18e4\" class=\"has-inline-color\">link<\/mark><\/a>. <\/p>\n<\/div><\/div>\n\n\n\n<hr class=\"wp-block-separator has-text-color has-alpha-channel-opacity has-background is-style-wide\" style=\"background-color:#1224ed;color:#1224ed\"\/>\n\n\n\n<h2 class=\"wp-block-heading alignwide has-text-align-center has-large-font-size\"><strong><mark style=\"background-color:rgba(0, 0, 0, 0);color:#0a18e4\" class=\"has-inline-color\">Incontro con le parti sociali<\/mark><\/strong><\/h2>\n\n\n<div class=\"wp-block-image\">\n<figure class=\"aligncenter size-large\"><img loading=\"lazy\" decoding=\"async\" width=\"1024\" height=\"324\" src=\"https:\/\/www-2021.scienzenutrizione.uniroma2.it\/wp-content\/uploads\/2023\/09\/locandina-23-maggio-2023-1024x324.jpg\" alt=\"\" class=\"wp-image-2995\" srcset=\"https:\/\/www-2021.scienzenutrizione.uniroma2.it\/wp-content\/uploads\/2023\/09\/locandina-23-maggio-2023-1024x324.jpg 1024w, https:\/\/www-2021.scienzenutrizione.uniroma2.it\/wp-content\/uploads\/2023\/09\/locandina-23-maggio-2023-300x95.jpg 300w, https:\/\/www-2021.scienzenutrizione.uniroma2.it\/wp-content\/uploads\/2023\/09\/locandina-23-maggio-2023-768x243.jpg 768w, https:\/\/www-2021.scienzenutrizione.uniroma2.it\/wp-content\/uploads\/2023\/09\/locandina-23-maggio-2023.jpg 1167w\" sizes=\"auto, (max-width: 1024px) 100vw, 1024px\" \/><\/figure>\n<\/div>\n\n\n<p style=\"font-size:24px\">L&#8217;incontro \u00e8 rivolto agli studenti del Corso di Laurea magistrale in Scienze della Nutrizione umana che potranno interagire con esponenti del mondo del lavoro in diversi ambiti nutrizionali.<br>Il programma dell&#8217;evento \u00e8 scaricabile al seguente <a href=\"https:\/\/www-2021.scienzenutrizione.uniroma2.it\/wp-content\/uploads\/2023\/05\/INCONTRO-PARTI-SOCIALI-Maggio-2023-locandina.pdf\" target=\"_blank\" rel=\"noreferrer noopener\"><mark style=\"background-color:rgba(0, 0, 0, 0);color:#0a18e4\" class=\"has-inline-color\">link<\/mark><\/a><\/p>\n\n\n\n<hr class=\"wp-block-separator has-text-color has-alpha-channel-opacity has-background is-style-wide\" style=\"background-color:#1224ed;color:#1224ed\"\/>\n","protected":false},"excerpt":{"rendered":"<p>Nella mattinata di mercoled\u00ec 20 Giugno si terr\u00e0 nella Macroarea di Scienze l&#8217;evento Scegliere il futuro: Lauree magistrali e mondo del lavoro, un evento \u00a0di orientamento in uscita per gli studenti triennali (verso le lauree magistrali) e per gli studenti<\/p>\n","protected":false},"author":1,"featured_media":0,"parent":0,"menu_order":0,"comment_status":"closed","ping_status":"closed","template":"","meta":{"footnotes":""},"class_list":["post-140","page","type-page","status-publish","hentry"],"_links":{"self":[{"href":"https:\/\/www-2021.scienzenutrizione.uniroma2.it\/index.php?rest_route=\/wp\/v2\/pages\/140","targetHints":{"allow":["GET"]}}],"collection":[{"href":"https:\/\/www-2021.scienzenutrizione.uniroma2.it\/index.php?rest_route=\/wp\/v2\/pages"}],"about":[{"href":"https:\/\/www-2021.scienzenutrizione.uniroma2.it\/index.php?rest_route=\/wp\/v2\/types\/page"}],"author":[{"embeddable":true,"href":"https:\/\/www-2021.scienzenutrizione.uniroma2.it\/index.php?rest_route=\/wp\/v2\/users\/1"}],"replies":[{"embeddable":true,"href":"https:\/\/www-2021.scienzenutrizione.uniroma2.it\/index.php?rest_route=%2Fwp%2Fv2%2Fcomments&post=140"}],"version-history":[{"count":371,"href":"https:\/\/www-2021.scienzenutrizione.uniroma2.it\/index.php?rest_route=\/wp\/v2\/pages\/140\/revisions"}],"predecessor-version":[{"id":4735,"href":"https:\/\/www-2021.scienzenutrizione.uniroma2.it\/index.php?rest_route=\/wp\/v2\/pages\/140\/revisions\/4735"}],"wp:attachment":[{"href":"https:\/\/www-2021.scienzenutrizione.uniroma2.it\/index.php?rest_route=%2Fwp%2Fv2%2Fmedia&parent=140"}],"curies":[{"name":"wp","href":"https:\/\/api.w.org\/{rel}","templated":true}]}}